{"id":3392,"date":"2020-12-05T15:39:40","date_gmt":"2020-12-05T14:39:40","guid":{"rendered":"https:\/\/pincheiro.es\/apartments\/"},"modified":"2025-05-18T14:45:30","modified_gmt":"2025-05-18T12:45:30","slug":"home","status":"publish","type":"page","link":"https:\/\/pincheiro.es\/en\/","title":{"rendered":"Home"},"content":{"rendered":"<div class=\"wpb-content-wrapper\"><p>[vc_row full_width=&#8221;stretch_row_content_no_spaces&#8221; uniqid=&#8221;5ef58aafcddce&#8221;][vc_column]\t\t<div class=\"banner-area banner-area-5ef591df91068 banner-style1 stretch-container\">\n\t\t\t<div class=\"banner-slider swiper-container  full-height\">\n\t\t\t\t\t\t\t\t<div class=\"swiper-wrapper\">\n\t\t\t\t\t\t\t<div class=\"swiper-slide\">\n\t\t\t<div class=\"banner-item banner-item-5ef58cad874d2 white current-white tal middle\">\n\t\t\t\t\t\t\n\t\t<div class=\"bg-overlay\">\t\t\t\t\t\t\t\t\t\t\t\t<div class=\"image\" style=\"background-image: url(https:\/\/pincheiro.es\/wp-content\/uploads\/2021\/03\/Fachada1.jpg)\"><\/div>\n\t\t\t\t\t\t\t\t\t\t\t<div class=\"color\"><\/div>\n\t\t\t\t\t<\/div>\t\t\t\t<div class=\"container  full-height\">\n\t\t\t\t\t<div class=\"content-row\" style=\"\">\n\t\t\t\t\t\t\t\t\t\t\t\t\t<div class=\"heading-block tal\">\n\t\t\t\t\t\t\t\t\t\t\t\t\t\t\t\t\t<div class=\"h h2\">Pincheiro Apartamentos Tur\u00edsticos<\/div>\n\t\t\t\t\t\t\t\t\t\t\t\t\t\t\t<\/div>\n\t\t\t\t\t\t\t\t\t\t\t\t\t<div class=\"clear\"><\/div>\n\t\t\t\t\t\t\t<div class=\"text\">Un lugar relajante. Con un servicio perfecto.<\/div>\n\t\t\t\t\t\t\t\t\t\t\t\t\t<div class=\"clear\"><\/div>\n\t\t\t\t\t\t\t<a class=\"button-style2\" href=\"\/nosotros\" target=\"_self\" data-magic-cursor=\"link\">\n\t\t\t\t\t\t\t\t<span>Saber M\u00e1s<\/span>\n\t\t\t\t\t\t\t\t<i class=\"base-icon-next-2\"><\/i>\n\t\t\t\t\t\t\t<\/a>\n\t\t\t\t\t\t\t\t\t\t\t<\/div>\n\t\t\t\t<\/div>\n\t\t\t<\/div>\n\t\t<\/div>\n\t\t\t\t<div class=\"swiper-slide\">\n\t\t\t<div class=\"banner-item banner-item-5ef58cea79c9e white current-white tal middle\">\n\t\t\t\t\t\t\n\t\t<div class=\"bg-overlay\">\t\t\t\t\t\t\t\t\t\t\t\t<div class=\"image\" style=\"background-image: url(https:\/\/pincheiro.es\/wp-content\/uploads\/2025\/03\/carnee-e1740923446251.jpg)\"><\/div>\n\t\t\t\t\t\t\t\t\t\t\t<div class=\"color\"><\/div>\n\t\t\t\t\t<\/div>\t\t\t\t<div class=\"container  full-height\">\n\t\t\t\t\t<div class=\"content-row\" style=\"\">\n\t\t\t\t\t\t\t\t\t\t\t\t\t<div class=\"heading-block tal\">\n\t\t\t\t\t\t\t\t\t\t\t\t\t\t\t\t\t<div class=\"h h2\">Taberna<\/div>\n\t\t\t\t\t\t\t\t\t\t\t\t\t\t\t<\/div>\n\t\t\t\t\t\t\t\t\t\t\t\t\t<div class=\"clear\"><\/div>\n\t\t\t\t\t\t\t<div class=\"text\">Ven a la Taberna \/ Restaurante y prueba sus platos gastron\u00f3micos.<br \/>\nHaz tu reserva: 698173888<\/div>\n\t\t\t\t\t\t\t\t\t\t\t<\/div>\n\t\t\t\t<\/div>\n\t\t\t<\/div>\n\t\t<\/div>\n\t\t\t\t<div class=\"swiper-slide\">\n\t\t\t<div class=\"banner-item banner-item-5ef58cf29c801 white current-white tal middle\">\n\t\t\t\t\t\t\n\t\t<div class=\"bg-overlay\">\t\t\t\t\t\t\t\t\t\t\t\t<div class=\"image\" style=\"background-image: url(https:\/\/pincheiro.es\/wp-content\/uploads\/2021\/03\/Ruta2.jpg)\"><\/div>\n\t\t\t\t\t\t\t\t\t\t\t<div class=\"color\"><\/div>\n\t\t\t\t\t<\/div>\t\t\t\t<div class=\"container  full-height\">\n\t\t\t\t\t<div class=\"content-row\" style=\"\">\n\t\t\t\t\t\t\t\t\t\t\t\t\t<div class=\"heading-block tal\">\n\t\t\t\t\t\t\t\t\t\t\t\t\t\t\t\t\t<div class=\"h h2\">Rutas<\/div>\n\t\t\t\t\t\t\t\t\t\t\t\t\t\t\t<\/div>\n\t\t\t\t\t\t\t\t\t\t\t\t\t<div class=\"clear\"><\/div>\n\t\t\t\t\t\t\t<div class=\"text\">Conoce nuestras rutas:<br \/>\nPetroglifos, Castros, d\u00f3lmenes ...<\/div>\n\t\t\t\t\t\t\t\t\t\t\t\t\t<div class=\"clear\"><\/div>\n\t\t\t\t\t\t\t<a class=\"button-style2\" href=\"\/rutas\" target=\"_self\" data-magic-cursor=\"link\">\n\t\t\t\t\t\t\t\t<span>Saber M\u00e1s<\/span>\n\t\t\t\t\t\t\t\t<i class=\"base-icon-next-2\"><\/i>\n\t\t\t\t\t\t\t<\/a>\n\t\t\t\t\t\t\t\t\t\t\t<\/div>\n\t\t\t\t<\/div>\n\t\t\t<\/div>\n\t\t<\/div>\n\t\t\t\t\t\t<\/div>\n\t\t\t\t<div class=\"progress-line autoplay-on\"><div><\/div><\/div>\n\t\t\t<\/div>\n\t\t\t<div class=\"banner-bottom container\">\n\t\t\t\t\t\t\t\t\t\t\t\t\t\t\t<div class=\"social-links\">\n\t\t\t\t\t\t\t<div class=\"label\">Follow us:<\/div>\n\t\t\t\t\t\t\t<a href=\"https:\/\/www.facebook.com\/PincheiroApartamentosTuristicos\" target=\"_self\"><i class=\"base-icon-facebook\"><\/i><\/a><a href=\"https:\/\/www.instagram.com\/pincheiroat\/\" target=\"_self\"><i class=\"base-icon-instagram\"><\/i><\/a><a href=\"https:\/\/www.youtube.com\/channel\/UCbi1gk_jfsJAha0HpqwY0AQ\/featured\" target=\"_self\"><i class=\"fab fa-youtube\"><\/i><\/a><a href=\"https:\/\/api.whatsapp.com\/send?phone=34698173888&#038;text=Hola.%20Querr\u00eda%20obtener%20m\u00e1s%20informaci\u00f3n%20de%20Pincheiro%20Apartamentos%20Tur\u00edsticos.%20\" target=\"_self\"><i class=\"fab fa-whatsapp\"><\/i><\/a>\t\t\t\t\t\t<\/div>\n\t\t\t\t\t\t\t\t\t\t<div class=\"right\">\n\t\t\t\t\t\t\t\t\t\t\t\t\t<div class=\"banner-navigation style1\">\n\t\t\t\t\t\t\t\t\t\t\t<div class=\"prev banner-prev base-icon-prev-2\"><\/div>\n\t\t\t\t\t\t<div class=\"next banner-next base-icon-next-2\"><\/div>\n\t\t\t\t\t\t\t\t\t\t\t<div class=\"pagination\"><\/div>\n\t\t\t\t\t\t\t\t\t<\/div>\n\t\t\t\t\t\t\t\t\t\t<\/div>\n\t\t\t\t\t\t\t<\/div>\n\t\t\t\t\t<\/div>\n\t\t[vc_btn title=&#8221;SEE AVAILABILITY AND BOOK APARTMENTS&#8221; color=&#8221;orange&#8221; align=&#8221;center&#8221; i_icon_fontawesome=&#8221;fas fa-plane-departure&#8221; css_animation=&#8221;bounceInRight&#8221; css=&#8221;.vc_custom_1734640098441{padding-top: 20px !important;}&#8221; add_icon=&#8221;true&#8221; link=&#8221;url:https%3A%2F%2Fbooking.avirato.com%2F%3Fcode%3D95118461%26spaceTypeId%3D1|&#8221;][\/vc_column][\/vc_row][vc_row css=&#8221;{&#8220;mobile_portrait&#8220;: {&#8220;margin-top&#8220;: &#8220;45&#8220;,&#8220;margin-bottom&#8220;: &#8220;24&#8220;,&#8220;undefined&#8220;: &#8220;Clear&#8220;},&#8220;mobile_landscape&#8220;: {&#8220;undefined&#8220;: &#8220;Clear&#8220;},&#8220;tablet_portrait&#8220;: {&#8220;undefined&#8220;: &#8220;Clear&#8220;},&#8220;tablet_landscape&#8220;: {&#8220;undefined&#8220;: &#8220;Clear&#8220;},&#8220;desktop&#8220;: {&#8220;undefined&#8220;: &#8220;Clear&#8220;}}&#8221; uniqid=&#8221;5ef3278d0c77a&#8221;][vc_column width=&#8221;1\/2&#8243;]      <div class=\"heading-block heading-5ef31f538bd1d tal h-h4\">\n                  <h4 class=\"h\">Comfort, Dise\u00f1o &amp; Experiencias<br \/>\npara desconectar en Pincheiro AT.<\/h4>\n              <\/div>\n    [vc_column_text uniqid=&#8221;5ef31f7435f12&#8243; css=&#8221;{&#8220;mobile_portrait&#8220;: {&#8220;margin-bottom&#8220;: &#8220;36&#8220;}}&#8221;]<span style=\"font-family: 'roboto-condensed'; font-size: 24px; color: #535353;\">Enjoy the each day with us.<\/span>[\/vc_column_text]      <div class=\"button-container button-5ef31fc6f8cb3 left\">\n        <a class=\"button-style1\" href=\"https:\/\/pincheiro.es\/descripcion-pincheiroat\/\" target=\"_self\">\n          <span>Ver Descripci\u00f3n Pincheiro AT<\/span>\n                  <\/a>\n      <\/div>\n    [\/vc_column][vc_column width=&#8221;1\/2&#8243;]\t\t<div class=\"qoute-block qoute-block-5ef32629365aa\">\n\t\t\t<div class=\"quote\">Pincheiro es un proyecto en camino en el que nunca perdemos de vista nuestra principal misi\u00f3n: servir a nuestros clientes. Nuestro trabajo es y ser\u00e1 siempre facilitar a los clientes su estancia con nosotros y esforzarnos no solo por satisfacer sus necesidades, sino tambi\u00e9n por superar sus expectativas. A Pincheiro AT le han otorgado la categor\u00eda de 2 llaves.<\/div>\n\t\t\t\t\t\t\t<div class=\"bottom\">\n\t\t\t\t\t\t\t\t\t\t\t<div class=\"left\">\n\t\t\t\t\t\t\t\t\t\t\t\t\t\t\t<div class=\"name\">Jose Barroso<\/div>\n\t\t\t\t\t\t\t\t\t\t\t\t\t\t\t<div class=\"post\">Gerente<\/div>\n\t\t\t\t\t\t\t\t\t\t\t\t\t<\/div>\n\t\t\t\t\t\t\t\t\t\t\t<div class=\"signature\"><img loading=\"lazy\" decoding=\"async\" width=\"160\" height=\"168\" src=\"https:\/\/pincheiro.es\/wp-content\/uploads\/2021\/05\/AT_Llaves.png\" class=\"attachment-full size-full\" alt=\"\" \/><\/div>\n\t\t\t\t\t\t\t\t\t<\/div>\n\t\t\t\t\t<\/div>\n\t\t[\/vc_column][\/vc_row][vc_row full_width=&#8221;stretch_row&#8221; pattern_overlay=&#8221;type3&#8243; uniqid=&#8221;5eecbaf1ff388&#8243; pattern_overlay_color=&#8221;#363636&#8243; background_color=&#8221;#404040&#8243;][vc_column offset=&#8221;vc_col-lg-8 vc_col-md-9&#8243; uniqid=&#8221;5eecbcc6f3f2c&#8221;]\t\t<div class=\"video-block video-block-5ef0484126916 white\" style=\"\">\n\t\t\t\t\t\n\t\t\t\t\t<div class=\"container\">\n\t\t\t\t<div class=\"content\">\n\t\t\t\t\t\t\t<div class=\"heading-block \">\n\t\t\t\t\t\t\t<div class=\"h h4\">Excelente Servicio.<\/div>\n\t\t\t\t\t<\/div>\n\t\t\t\t\t\t\t\t\t<div class=\"text\">The reason for our success is no secret. It comes down to one single principle that transcends time and geography, religion and culture. It\u2019s the Golden Rule \u2013 the simple idea that if you treat people well, the way you would like to be treated, they will do the same.<\/div>\n\t\t\t\t\t\t\t\t\t<a class=\"button-style2\" href=\"https:\/\/pincheiro.es\/servicios\/\" target=\"_self\">\n\t\t\t<span>Leer m\u00e1s<\/span>\n\t\t\t<i class=\"base-icon-next-2\"><\/i>\n\t\t<\/a>\n\t\t\t\t\t\t<\/div>\n\t\t\t\t<div class=\"video-button-block\">\n\t\t\t\t\t<div class=\"video-button single-popup-item\" data-type=\"video\" data-size=\"1920x1080\" data-video='<div class=\"wrapper\"><div class=\"video-wrapper\"><\/div><\/div>'>\n\t\t\t\t\t\t<span class=\"icon\">\n\t\t\t\t\t\t\t<i class=\"base-icon-play-button\"><\/i>\n\t\t\t\t\t\t<\/span>\n\t\t\t\t\t\t\t\t\t\t\t\t\t<span>Play Button<\/span>\n\t\t\t\t\t\t\t\t\t\t\t<\/div>\n\t\t\t\t<\/div>\n\t\t\t<\/div>\n\t\t<\/div>\n\t\t[\/vc_column][\/vc_row][vc_row equal_height=&#8221;yes&#8221; uniqid=&#8221;5ef07c0b7d8d2&#8243;][vc_column offset=&#8221;vc_col-md-9&#8243; uniqid=&#8221;5eecbe426121f&#8221;]      <div class=\"icon-box-block icon-box-block-5eecbef1fe64d\">\n                              <div class=\"nav-arrows\">\n              <div class=\"prev base-icon-prev-2\"><\/div>\n              <div class=\"next base-icon-next-2\"><\/div>\n            <\/div>\n                    <div class=\"swiper-container\">\n            <div class=\"swiper-wrapper\">\n                  <div class=\"swiper-slide\">\n      <div class=\"icon-box icon-box-style-5eecbf09137ec\">\n        <div class=\"icon hotel-icon-bed-2\"><\/div>\n        <div class=\"wrap\">\n                      <h6 class=\"title\">Comodidad<\/h6>\n                      <div class=\"desc\">Tus noches tendr\u00e1n un descanso asegurado. \u00a1Buenas Noches!<\/div>\n                  <\/div>\n      <\/div>\n    <\/div>\n        <div class=\"swiper-slide\">\n      <div class=\"icon-box icon-box-style-5eecbf7b759ba\">\n        <div class=\"icon hotel-icon-luggage\"><\/div>\n        <div class=\"wrap\">\n                      <h6 class=\"title\">Guarda-Equipaje<\/h6>\n                      <div class=\"desc\">Guardamos tu Equipaje. Para que puedas disfrutar tus \u00faltimas horas de viaje. Con nosotros est\u00e1n seguras.<\/div>\n                  <\/div>\n      <\/div>\n    <\/div>\n                <\/div>\n          <\/div>\n              <\/div>\n    [\/vc_column][vc_column width=&#8221;1\/4&#8243; uniqid=&#8221;5ef03f432799d&#8221;]      <div class=\"side-img-block side-img-block-5ef03fa792fe2 to-right\">\n        <div style=\"background-image: url(https:\/\/pincheiro.es\/wp-content\/uploads\/2021\/03\/jamon.jpg);\"><\/div>\n      <\/div>\n    [\/vc_column][\/vc_row][vc_row full_width=&#8221;stretch_row&#8221; uniqid=&#8221;5ef5ea6ee1462&#8243; background_color=&#8221;#f0ece7&#8243; background_offset_top=&#8221;258px&#8221;][vc_column]      <div class=\"heading-block heading-5ef5ea22314e9 tal h-h4\">\n                  <h4 class=\"h\">Entornos de la Zona.<\/h4>\n              <\/div>\n    \t\t\t\t<div class=\"blog-carousel blog-5ef5ea5c972eb\">\n\t\t\t\t\t<div class=\"carousel-nav\">\n\t\t\t\t\t\t\t\t\t\t\t\t\t<div class=\"prev base-icon-prev-2\"><\/div>\n\t\t\t\t\t\t\t<div class=\"next base-icon-next-2\"><\/div>\n\t\t\t\t\t\t\t\t\t\t\t<\/div>\n\t\t\t\t\t<div class=\"swiper-container\">\n\t\t\t\t\t\t<div class=\"swiper-wrapper\">\n\t\t\t\t\t\t\t\t\t\t\t\t\t\t\t<div class=\"swiper-slide\">\t\t\t<article class=\"blog-item category-patrimonio-de-pobra category-pobra-heritage istp-item\">\n\t\t\t\t<div class=\"wrap\">\n\t\t\t\t\t\t\t\t\t\t\t<div class=\"img\">\n\t\t\t\t\t\t\t\t\t\t\t\t\t\t\t<div class=\"author-info-block\">\n\t\t\t\t\t\t\t\t\t<div class=\"avatar\" style=\"background-image: url(https:\/\/pincheiro.es\/wp-content\/uploads\/2020\/11\/logo_pequeno-100x100.png)\"><\/div>\n\t\t\t\t\t\t\t\t\t<div class=\"content\">\n\t\t\t\t\t\t\t\t\t\t<div class=\"name\">Pincheiro<\/div>\n\t\t\t\t\t\t\t\t\t\t\t\t\t\t\t\t\t\t\t\t\t<div class=\"date\">1 de May de 2021<\/div>\n\t\t\t\t\t\t\t\t\t\t\t\t\t\t\t\t\t\t\t<\/div>\n\t\t\t\t\t\t\t\t<\/div>\n\t\t\t\t\t\t\t\t\t\t\t\t\t\t\t<a href=\"https:\/\/pincheiro.es\/en\/chapels-in-pobra-do-caraminal\/\" style=\"background-image: url(https:\/\/pincheiro.es\/wp-content\/uploads\/2021\/03\/vixe-do-monte-1024x684.jpg)\"><\/a>\n\t\t\t\t\t\t\t\t\t\t\t\t\t<\/div>\n\t\t\t\t\t\t\t\t\t\t\t<div class=\"categories\">Patrimonio de Pobra, Pobra's Heritage<\/div>\n\t\t\t\t\t\t\t\t\t\t\t<a class=\"title\" href=\"https:\/\/pincheiro.es\/en\/chapels-in-pobra-do-caraminal\/\">CHAPELS IN POBRA DO CARAMI\u00d1AL<\/a>\n\t\t\t\t\t\t\t\t\t\t\t<div class=\"desc\">Chapel of the XVII ordered to build by Gregorio Perez de Ageitos, of square plant and granite walls and barrel vault. Inside th...<\/div>\n\t\t\t\t\t\t\t\t\t\t\t<div class=\"button\">\n\t\t\t\t\t\t\t<a href=\"https:\/\/pincheiro.es\/en\/chapels-in-pobra-do-caraminal\/\" class=\"readmore-link button-style2\">\n\t\t\t\t\t\t\t\t<span>Read more<\/span>\n\t\t\t\t\t\t\t\t<i class=\"base-icon-next-2\"><\/i>\n\t\t\t\t\t\t\t<\/a>\n\t\t\t\t\t\t<\/div>\n\t\t\t\t\t\t\t\t\t<\/div>\n\t\t\t<\/article>\n\t\t<\/div>\n\t\t\t\t\t\t\t\t\t\t\t\t\t\t\t<div class=\"swiper-slide\">\t\t\t<article class=\"blog-item category-pobra-heritage istp-item\">\n\t\t\t\t<div class=\"wrap\">\n\t\t\t\t\t\t\t\t\t\t\t<div class=\"img\">\n\t\t\t\t\t\t\t\t\t\t\t\t\t\t\t<div class=\"author-info-block\">\n\t\t\t\t\t\t\t\t\t<div class=\"avatar\" style=\"background-image: url(https:\/\/pincheiro.es\/wp-content\/uploads\/2020\/11\/logo_pequeno-100x100.png)\"><\/div>\n\t\t\t\t\t\t\t\t\t<div class=\"content\">\n\t\t\t\t\t\t\t\t\t\t<div class=\"name\">Pincheiro<\/div>\n\t\t\t\t\t\t\t\t\t\t\t\t\t\t\t\t\t\t\t\t\t<div class=\"date\">1 de May de 2021<\/div>\n\t\t\t\t\t\t\t\t\t\t\t\t\t\t\t\t\t\t\t<\/div>\n\t\t\t\t\t\t\t\t<\/div>\n\t\t\t\t\t\t\t\t\t\t\t\t\t\t\t<a href=\"https:\/\/pincheiro.es\/en\/monasteries-in-pobra-do-caraminal\/\" style=\"background-image: url(https:\/\/pincheiro.es\/wp-content\/uploads\/2019\/04\/encabezado-monasterios-1024x684.jpg)\"><\/a>\n\t\t\t\t\t\t\t\t\t\t\t\t\t<\/div>\n\t\t\t\t\t\t\t\t\t\t\t<div class=\"categories\">Pobra's Heritage<\/div>\n\t\t\t\t\t\t\t\t\t\t\t<a class=\"title\" href=\"https:\/\/pincheiro.es\/en\/monasteries-in-pobra-do-caraminal\/\">MONASTERIES IN POBRA DO CARAMI\u00d1AL<\/a>\n\t\t\t\t\t\t\t\t\t\t\t<div class=\"desc\">It is located right at the crossroads of the rivers Pedras and Barbanza, a few meters from the Roman bridge, in the natural poo...<\/div>\n\t\t\t\t\t\t\t\t\t\t\t<div class=\"button\">\n\t\t\t\t\t\t\t<a href=\"https:\/\/pincheiro.es\/en\/monasteries-in-pobra-do-caraminal\/\" class=\"readmore-link button-style2\">\n\t\t\t\t\t\t\t\t<span>Read more<\/span>\n\t\t\t\t\t\t\t\t<i class=\"base-icon-next-2\"><\/i>\n\t\t\t\t\t\t\t<\/a>\n\t\t\t\t\t\t<\/div>\n\t\t\t\t\t\t\t\t\t<\/div>\n\t\t\t<\/article>\n\t\t<\/div>\n\t\t\t\t\t\t\t\t\t\t\t\t\t\t\t<div class=\"swiper-slide\">\t\t\t<article class=\"blog-item category-pobra-heritage istp-item\">\n\t\t\t\t<div class=\"wrap\">\n\t\t\t\t\t\t\t\t\t\t\t<div class=\"img\">\n\t\t\t\t\t\t\t\t\t\t\t\t\t\t\t<div class=\"author-info-block\">\n\t\t\t\t\t\t\t\t\t<div class=\"avatar\" style=\"background-image: url(https:\/\/pincheiro.es\/wp-content\/uploads\/2020\/11\/logo_pequeno-100x100.png)\"><\/div>\n\t\t\t\t\t\t\t\t\t<div class=\"content\">\n\t\t\t\t\t\t\t\t\t\t<div class=\"name\">Pincheiro<\/div>\n\t\t\t\t\t\t\t\t\t\t\t\t\t\t\t\t\t\t\t\t\t<div class=\"date\">1 de May de 2021<\/div>\n\t\t\t\t\t\t\t\t\t\t\t\t\t\t\t\t\t\t\t<\/div>\n\t\t\t\t\t\t\t\t<\/div>\n\t\t\t\t\t\t\t\t\t\t\t\t\t\t\t<a href=\"https:\/\/pincheiro.es\/en\/crossroads-of-pobra-do-caraminal\/\" style=\"background-image: url(https:\/\/pincheiro.es\/wp-content\/uploads\/2019\/04\/encabezado-cruceiros-1024x684.jpg)\"><\/a>\n\t\t\t\t\t\t\t\t\t\t\t\t\t<\/div>\n\t\t\t\t\t\t\t\t\t\t\t<div class=\"categories\">Pobra's Heritage<\/div>\n\t\t\t\t\t\t\t\t\t\t\t<a class=\"title\" href=\"https:\/\/pincheiro.es\/en\/crossroads-of-pobra-do-caraminal\/\">CROSSROADS OF POBRA DO CARAMI\u00d1AL<\/a>\n\t\t\t\t\t\t\t\t\t\t\t<div class=\"desc\">A Pobra do Carami\u00f1al contains in its municipality more than 30 crossroads. Some of them have a very singular artistic and devot...<\/div>\n\t\t\t\t\t\t\t\t\t\t\t<div class=\"button\">\n\t\t\t\t\t\t\t<a href=\"https:\/\/pincheiro.es\/en\/crossroads-of-pobra-do-caraminal\/\" class=\"readmore-link button-style2\">\n\t\t\t\t\t\t\t\t<span>Read more<\/span>\n\t\t\t\t\t\t\t\t<i class=\"base-icon-next-2\"><\/i>\n\t\t\t\t\t\t\t<\/a>\n\t\t\t\t\t\t<\/div>\n\t\t\t\t\t\t\t\t\t<\/div>\n\t\t\t<\/article>\n\t\t<\/div>\n\t\t\t\t\t\t\t\t\t\t\t\t\t\t\t<div class=\"swiper-slide\">\t\t\t<article class=\"blog-item category-pobra-heritage istp-item\">\n\t\t\t\t<div class=\"wrap\">\n\t\t\t\t\t\t\t\t\t\t\t<div class=\"img\">\n\t\t\t\t\t\t\t\t\t\t\t\t\t\t\t<div class=\"author-info-block\">\n\t\t\t\t\t\t\t\t\t<div class=\"avatar\" style=\"background-image: url(https:\/\/pincheiro.es\/wp-content\/uploads\/2020\/11\/logo_pequeno-100x100.png)\"><\/div>\n\t\t\t\t\t\t\t\t\t<div class=\"content\">\n\t\t\t\t\t\t\t\t\t\t<div class=\"name\">Pincheiro<\/div>\n\t\t\t\t\t\t\t\t\t\t\t\t\t\t\t\t\t\t\t\t\t<div class=\"date\">1 de May de 2021<\/div>\n\t\t\t\t\t\t\t\t\t\t\t\t\t\t\t\t\t\t\t<\/div>\n\t\t\t\t\t\t\t\t<\/div>\n\t\t\t\t\t\t\t\t\t\t\t\t\t\t\t<a href=\"https:\/\/pincheiro.es\/en\/churches-of-pobra-do-caraminal\/\" style=\"background-image: url(https:\/\/pincheiro.es\/wp-content\/uploads\/2019\/04\/encabezado-iglesias-1024x684.jpg)\"><\/a>\n\t\t\t\t\t\t\t\t\t\t\t\t\t<\/div>\n\t\t\t\t\t\t\t\t\t\t\t<div class=\"categories\">Pobra's Heritage<\/div>\n\t\t\t\t\t\t\t\t\t\t\t<a class=\"title\" href=\"https:\/\/pincheiro.es\/en\/churches-of-pobra-do-caraminal\/\">CHURCHES OF POBRA DO CARAMI\u00d1AL<\/a>\n\t\t\t\t\t\t\t\t\t\t\t<div class=\"desc\">One of the great architectural jewels of Pobra. Its history and tradition place this temple with one foot in the Middle Ages an...<\/div>\n\t\t\t\t\t\t\t\t\t\t\t<div class=\"button\">\n\t\t\t\t\t\t\t<a href=\"https:\/\/pincheiro.es\/en\/churches-of-pobra-do-caraminal\/\" class=\"readmore-link button-style2\">\n\t\t\t\t\t\t\t\t<span>Read more<\/span>\n\t\t\t\t\t\t\t\t<i class=\"base-icon-next-2\"><\/i>\n\t\t\t\t\t\t\t<\/a>\n\t\t\t\t\t\t<\/div>\n\t\t\t\t\t\t\t\t\t<\/div>\n\t\t\t<\/article>\n\t\t<\/div>\n\t\t\t\t\t\t\t\t\t\t\t\t\t\t\t<div class=\"swiper-slide\">\t\t\t<article class=\"blog-item category-beaches istp-item\">\n\t\t\t\t<div class=\"wrap\">\n\t\t\t\t\t\t\t\t\t\t\t<div class=\"img\">\n\t\t\t\t\t\t\t\t\t\t\t\t\t\t\t<div class=\"author-info-block\">\n\t\t\t\t\t\t\t\t\t<div class=\"avatar\" style=\"background-image: url(https:\/\/pincheiro.es\/wp-content\/uploads\/2020\/11\/logo_pequeno-100x100.png)\"><\/div>\n\t\t\t\t\t\t\t\t\t<div class=\"content\">\n\t\t\t\t\t\t\t\t\t\t<div class=\"name\">Pincheiro<\/div>\n\t\t\t\t\t\t\t\t\t\t\t\t\t\t\t\t\t\t\t\t\t<div class=\"date\">1 de May de 2021<\/div>\n\t\t\t\t\t\t\t\t\t\t\t\t\t\t\t\t\t\t\t<\/div>\n\t\t\t\t\t\t\t\t<\/div>\n\t\t\t\t\t\t\t\t\t\t\t\t\t\t\t<a href=\"https:\/\/pincheiro.es\/en\/beaches-of-pobra-do-caraminal\/\" style=\"background-image: url(https:\/\/pincheiro.es\/wp-content\/uploads\/2019\/04\/playas-pobra-1024x684.jpg)\"><\/a>\n\t\t\t\t\t\t\t\t\t\t\t\t\t<\/div>\n\t\t\t\t\t\t\t\t\t\t\t<div class=\"categories\">Beaches<\/div>\n\t\t\t\t\t\t\t\t\t\t\t<a class=\"title\" href=\"https:\/\/pincheiro.es\/en\/beaches-of-pobra-do-caraminal\/\">BEACHES OF POBRA DO CARAMI\u00d1AL - 1<\/a>\n\t\t\t\t\t\t\t\t\t\t\t<div class=\"desc\">A Pobra do Carami\u00f1al has 7,130 metres of beaches. where you can find extraordinary sandy beaches, some of them virgin, others a...<\/div>\n\t\t\t\t\t\t\t\t\t\t\t<div class=\"button\">\n\t\t\t\t\t\t\t<a href=\"https:\/\/pincheiro.es\/en\/beaches-of-pobra-do-caraminal\/\" class=\"readmore-link button-style2\">\n\t\t\t\t\t\t\t\t<span>Read more<\/span>\n\t\t\t\t\t\t\t\t<i class=\"base-icon-next-2\"><\/i>\n\t\t\t\t\t\t\t<\/a>\n\t\t\t\t\t\t<\/div>\n\t\t\t\t\t\t\t\t\t<\/div>\n\t\t\t<\/article>\n\t\t<\/div>\n\t\t\t\t\t\t\t\t\t\t\t\t\t\t\t<div class=\"swiper-slide\">\t\t\t<article class=\"blog-item category-beaches istp-item\">\n\t\t\t\t<div class=\"wrap\">\n\t\t\t\t\t\t\t\t\t\t\t<div class=\"img\">\n\t\t\t\t\t\t\t\t\t\t\t\t\t\t\t<div class=\"author-info-block\">\n\t\t\t\t\t\t\t\t\t<div class=\"avatar\" style=\"background-image: url(https:\/\/pincheiro.es\/wp-content\/uploads\/2020\/11\/logo_pequeno-100x100.png)\"><\/div>\n\t\t\t\t\t\t\t\t\t<div class=\"content\">\n\t\t\t\t\t\t\t\t\t\t<div class=\"name\">Pincheiro<\/div>\n\t\t\t\t\t\t\t\t\t\t\t\t\t\t\t\t\t\t\t\t\t<div class=\"date\">3 de May de 2021<\/div>\n\t\t\t\t\t\t\t\t\t\t\t\t\t\t\t\t\t\t\t<\/div>\n\t\t\t\t\t\t\t\t<\/div>\n\t\t\t\t\t\t\t\t\t\t\t\t\t\t\t<a href=\"https:\/\/pincheiro.es\/en\/pobra-do-caraminal-beaches-2\/\" style=\"background-image: url(https:\/\/pincheiro.es\/wp-content\/uploads\/2019\/12\/Playa2-1024x684.jpg)\"><\/a>\n\t\t\t\t\t\t\t\t\t\t\t\t\t<\/div>\n\t\t\t\t\t\t\t\t\t\t\t<div class=\"categories\">Beaches<\/div>\n\t\t\t\t\t\t\t\t\t\t\t<a class=\"title\" href=\"https:\/\/pincheiro.es\/en\/pobra-do-caraminal-beaches-2\/\">BEACHES OF POBRA DO CARAMI\u00d1AL - 2<\/a>\n\t\t\t\t\t\t\t\t\t\t\t<div class=\"desc\">Once past the town center, heading northwest, a series of small beaches begin, which we list in the following 10 points. They a...<\/div>\n\t\t\t\t\t\t\t\t\t\t\t<div class=\"button\">\n\t\t\t\t\t\t\t<a href=\"https:\/\/pincheiro.es\/en\/pobra-do-caraminal-beaches-2\/\" class=\"readmore-link button-style2\">\n\t\t\t\t\t\t\t\t<span>Read more<\/span>\n\t\t\t\t\t\t\t\t<i class=\"base-icon-next-2\"><\/i>\n\t\t\t\t\t\t\t<\/a>\n\t\t\t\t\t\t<\/div>\n\t\t\t\t\t\t\t\t\t<\/div>\n\t\t\t<\/article>\n\t\t<\/div>\n\t\t\t\t\t\t\t\t\t\t\t\t\t\t\t<div class=\"swiper-slide\">\t\t\t<article class=\"blog-item category-pobra-heritage istp-item\">\n\t\t\t\t<div class=\"wrap\">\n\t\t\t\t\t\t\t\t\t\t\t<div class=\"img\">\n\t\t\t\t\t\t\t\t\t\t\t\t\t\t\t<div class=\"author-info-block\">\n\t\t\t\t\t\t\t\t\t<div class=\"avatar\" style=\"background-image: url(https:\/\/pincheiro.es\/wp-content\/uploads\/2020\/11\/logo_pequeno-100x100.png)\"><\/div>\n\t\t\t\t\t\t\t\t\t<div class=\"content\">\n\t\t\t\t\t\t\t\t\t\t<div class=\"name\">Pincheiro<\/div>\n\t\t\t\t\t\t\t\t\t\t\t\t\t\t\t\t\t\t\t\t\t<div class=\"date\">3 de May de 2021<\/div>\n\t\t\t\t\t\t\t\t\t\t\t\t\t\t\t\t\t\t\t<\/div>\n\t\t\t\t\t\t\t\t<\/div>\n\t\t\t\t\t\t\t\t\t\t\t\t\t\t\t<a href=\"https:\/\/pincheiro.es\/en\/pazos-civil-architecture\/\" style=\"background-image: url(https:\/\/pincheiro.es\/wp-content\/uploads\/2019\/04\/pazos-1024x684.jpg)\"><\/a>\n\t\t\t\t\t\t\t\t\t\t\t\t\t<\/div>\n\t\t\t\t\t\t\t\t\t\t\t<div class=\"categories\">Pobra's Heritage<\/div>\n\t\t\t\t\t\t\t\t\t\t\t<a class=\"title\" href=\"https:\/\/pincheiro.es\/en\/pazos-civil-architecture\/\">PAZOS &amp; CIVIL ARCHITECTURE<\/a>\n\t\t\t\t\t\t\t\t\t\t\t<div class=\"desc\">Xunqueiras is a medieval fortress with its keep that represents the stately power of the Marquisate of Xunqueiras. The Tower-Fo...<\/div>\n\t\t\t\t\t\t\t\t\t\t\t<div class=\"button\">\n\t\t\t\t\t\t\t<a href=\"https:\/\/pincheiro.es\/en\/pazos-civil-architecture\/\" class=\"readmore-link button-style2\">\n\t\t\t\t\t\t\t\t<span>Read more<\/span>\n\t\t\t\t\t\t\t\t<i class=\"base-icon-next-2\"><\/i>\n\t\t\t\t\t\t\t<\/a>\n\t\t\t\t\t\t<\/div>\n\t\t\t\t\t\t\t\t\t<\/div>\n\t\t\t<\/article>\n\t\t<\/div>\n\t\t\t\t\t\t\t\t\t\t\t\t\t\t\t<div class=\"swiper-slide\">\t\t\t<article class=\"blog-item category-pobra-popular-festivities istp-item\">\n\t\t\t\t<div class=\"wrap\">\n\t\t\t\t\t\t\t\t\t\t\t<div class=\"img\">\n\t\t\t\t\t\t\t\t\t\t\t\t\t\t\t<div class=\"author-info-block\">\n\t\t\t\t\t\t\t\t\t<div class=\"avatar\" style=\"background-image: url(https:\/\/pincheiro.es\/wp-content\/uploads\/2020\/11\/logo_pequeno-100x100.png)\"><\/div>\n\t\t\t\t\t\t\t\t\t<div class=\"content\">\n\t\t\t\t\t\t\t\t\t\t<div class=\"name\">Pincheiro<\/div>\n\t\t\t\t\t\t\t\t\t\t\t\t\t\t\t\t\t\t\t\t\t<div class=\"date\">3 de May de 2021<\/div>\n\t\t\t\t\t\t\t\t\t\t\t\t\t\t\t\t\t\t\t<\/div>\n\t\t\t\t\t\t\t\t<\/div>\n\t\t\t\t\t\t\t\t\t\t\t\t\t\t\t<a href=\"https:\/\/pincheiro.es\/en\/nazareno-and-the-shrouds\/\" style=\"background-image: url(https:\/\/pincheiro.es\/wp-content\/uploads\/2019\/04\/nazareno-1024x684.jpg)\"><\/a>\n\t\t\t\t\t\t\t\t\t\t\t\t\t<\/div>\n\t\t\t\t\t\t\t\t\t\t\t<div class=\"categories\">Pobra's Popular Festivities<\/div>\n\t\t\t\t\t\t\t\t\t\t\t<a class=\"title\" href=\"https:\/\/pincheiro.es\/en\/nazareno-and-the-shrouds\/\">NAZARENO AND THE SHROUDS<\/a>\n\t\t\t\t\t\t\t\t\t\t\t<div class=\"desc\">The Nazareno is the most important festival of all those celebrated in Pobra do Carami\u00f1al throughout the year. Declared a Festi...<\/div>\n\t\t\t\t\t\t\t\t\t\t\t<div class=\"button\">\n\t\t\t\t\t\t\t<a href=\"https:\/\/pincheiro.es\/en\/nazareno-and-the-shrouds\/\" class=\"readmore-link button-style2\">\n\t\t\t\t\t\t\t\t<span>Read more<\/span>\n\t\t\t\t\t\t\t\t<i class=\"base-icon-next-2\"><\/i>\n\t\t\t\t\t\t\t<\/a>\n\t\t\t\t\t\t<\/div>\n\t\t\t\t\t\t\t\t\t<\/div>\n\t\t\t<\/article>\n\t\t<\/div>\n\t\t\t\t\t\t\t\t\t\t\t\t\t\t\t<div class=\"swiper-slide\">\t\t\t<article class=\"blog-item category-patrimonio-de-pobra category-pobra-heritage istp-item\">\n\t\t\t\t<div class=\"wrap\">\n\t\t\t\t\t\t\t\t\t\t\t<div class=\"img\">\n\t\t\t\t\t\t\t\t\t\t\t\t\t\t\t<div class=\"author-info-block\">\n\t\t\t\t\t\t\t\t\t<div class=\"avatar\" style=\"background-image: url(https:\/\/pincheiro.es\/wp-content\/uploads\/2020\/11\/logo_pequeno-100x100.png)\"><\/div>\n\t\t\t\t\t\t\t\t\t<div class=\"content\">\n\t\t\t\t\t\t\t\t\t\t<div class=\"name\">Pincheiro<\/div>\n\t\t\t\t\t\t\t\t\t\t\t\t\t\t\t\t\t\t\t\t\t<div class=\"date\">3 de May de 2021<\/div>\n\t\t\t\t\t\t\t\t\t\t\t\t\t\t\t\t\t\t\t<\/div>\n\t\t\t\t\t\t\t\t<\/div>\n\t\t\t\t\t\t\t\t\t\t\t\t\t\t\t<a href=\"https:\/\/pincheiro.es\/en\/pedras-river-promenade-natural-pools\/\" style=\"background-image: url(https:\/\/pincheiro.es\/wp-content\/uploads\/2019\/04\/piscinas-1024x684.jpg)\"><\/a>\n\t\t\t\t\t\t\t\t\t\t\t\t\t<\/div>\n\t\t\t\t\t\t\t\t\t\t\t<div class=\"categories\">Patrimonio de Pobra, Pobra's Heritage<\/div>\n\t\t\t\t\t\t\t\t\t\t\t<a class=\"title\" href=\"https:\/\/pincheiro.es\/en\/pedras-river-promenade-natural-pools\/\">PEDRAS RIVER PROMENADE. NATURAL POOLS.<\/a>\n\t\t\t\t\t\t\t\t\t\t\t<div class=\"desc\">This place is perhaps one of the most impressive natural jewels of A Pobra. It is a whim and a gift from the action of nature t...<\/div>\n\t\t\t\t\t\t\t\t\t\t\t<div class=\"button\">\n\t\t\t\t\t\t\t<a href=\"https:\/\/pincheiro.es\/en\/pedras-river-promenade-natural-pools\/\" class=\"readmore-link button-style2\">\n\t\t\t\t\t\t\t\t<span>Read more<\/span>\n\t\t\t\t\t\t\t\t<i class=\"base-icon-next-2\"><\/i>\n\t\t\t\t\t\t\t<\/a>\n\t\t\t\t\t\t<\/div>\n\t\t\t\t\t\t\t\t\t<\/div>\n\t\t\t<\/article>\n\t\t<\/div>\n\t\t\t\t\t\t\t\t\t\t\t\t\t<\/div>\n\t\t\t\t\t<\/div>\n\t\t\t\t<\/div>\n\t\t\t[\/vc_column][\/vc_row][vc_row full_width=&#8221;stretch_row&#8221; css=&#8221;{&#8220;mobile_portrait&#8220;: {&#8220;padding-top&#8220;: &#8220;30&#8220;,&#8220;padding-bottom&#8220;: &#8220;90&#8220;}}&#8221; uniqid=&#8221;5ef49d25d5dd6&#8243; background_color=&#8221;#f0ece7&#8243; background_offset_bottom=&#8221;220px&#8221;][vc_column]    <div class=\"side-image-with-content side-image-with-content-5ef0ae42f7cfa left style1\">\n              <div class=\"image\">\n          <div style=\"background-image: url(https:\/\/pincheiro.es\/wp-content\/uploads\/2021\/03\/Pobra1.jpg);\"><\/div>\n        <\/div>\n            <div class=\"content\">      <div class=\"heading-block heading-5ef0add6f3a48 tal h-h4\">\n                  <h4 class=\"h\">Descubra los Apartamentos ideales para su estancia.<\/h4>\n              <\/div>\n    [vc_column_text el_class=&#8221;text-t1&#8243; uniqid=&#8221;5ef0adede408e&#8221; css=&#8221;{}&#8221;]Our flats are at next to the sea and next to the mountain. We will show you unpublished places for many, we will take you into the mountains and you will enjoy our beaches.<\/p>\n<p>You will have everything in one place, just a few minutes away. Incredible! Truth?[\/vc_column_text]<\/div>\n          <\/div>\n    [\/vc_column][\/vc_row][vc_row css=&#8221;{&#8220;mobile_portrait&#8220;: {&#8220;margin-bottom&#8220;: &#8220;60&#8220;}}&#8221; uniqid=&#8221;5ef19ce19781d&#8221;][vc_column]      <div class=\"heading-block heading-5ef19a6c459f5 tal h-h4\">\n                  <h4 class=\"h\">\u00a1Que Opinan Nuestros Clientes!<\/h4>\n              <\/div>\n        <div class=\"testimonials-slider testimonials-block-5ef0b6f2297d4\">\n              <div class=\"prev base-icon-prev-2\"><\/div>\n        <div class=\"next base-icon-next-2\"><\/div>\n            <div class=\"swiper-container\">\n        <div class=\"swiper-wrapper\">\n                <div class=\"testimonial-item swiper-slide testimonials-item-5ef18ab216eee\">\n        <div class=\"top\">\n                    <div class=\"content\">\n                          <div class=\"name\">Carlos Rodr\u00edguez<\/div>\n                        <div class=\"rate\">\n              <i class=\"base-icon-star active\"><\/i>\n              <i class=\"base-icon-star active\"><\/i>\n              <i class=\"base-icon-star active\"><\/i>\n              <i class=\"base-icon-star active\"><\/i>\n              <i class=\"base-icon-star active\"><\/i>\n            <\/div>\n          <\/div>\n        <\/div>\n        <div class=\"quote\">\n          Definici\u00f3n en 3 palabras: c\u00f3modo, acogedor y buena calidad-precio. Tienes muchos servicios disponibles como wifi, lavander\u00eda, jard\u00edn para tomar algo con tu familia y amigos, el autoservicio es fant\u00e1stico, gimnasio, terraza, etc La atenci\u00f3n es inmejorable.        <\/div>\n      <\/div>\n          <div class=\"testimonial-item swiper-slide testimonials-item-5ef18b26f7a8e\">\n        <div class=\"top\">\n                    <div class=\"content\">\n                          <div class=\"name\">Rosana L\u00f3pez<\/div>\n                        <div class=\"rate\">\n              <i class=\"base-icon-star active\"><\/i>\n              <i class=\"base-icon-star active\"><\/i>\n              <i class=\"base-icon-star active\"><\/i>\n              <i class=\"base-icon-star active\"><\/i>\n              <i class=\"base-icon-star\"><\/i>\n            <\/div>\n          <\/div>\n        <\/div>\n        <div class=\"quote\">\n          Las camas son realmente c\u00f3modas. La atenci\u00f3n ha sido agradable. Todav\u00eda les falta terminar peque\u00f1os detalles del complejo de Apartamentos, pero he visto que est\u00e1n en ello. Peque\u00f1os apartamentos, pero acogedores. Volver\u00e9 sin duda.        <\/div>\n      <\/div>\n          <div class=\"testimonial-item swiper-slide testimonials-item-5ef18b3d2b206\">\n        <div class=\"top\">\n                    <div class=\"content\">\n                          <div class=\"name\">Jorge Barros<\/div>\n                        <div class=\"rate\">\n              <i class=\"base-icon-star active\"><\/i>\n              <i class=\"base-icon-star active\"><\/i>\n              <i class=\"base-icon-star active\"><\/i>\n              <i class=\"base-icon-star active\"><\/i>\n              <i class=\"base-icon-star active\"><\/i>\n            <\/div>\n          <\/div>\n        <\/div>\n        <div class=\"quote\">\n          Un lugar para recordar de por vida. No te aburres nunca: Rutas, paseos, playas, .. tienes de todo! Claro! Tienes que tener buen tiempo para poder disfrutar los servicios al 100%. Atenci\u00f3n agradable. La taberna muy moderna con autoservicio, me ha encantado. El apartamento era acogedor. Volver\u00e9.        <\/div>\n      <\/div>\n            <\/div>\n      <\/div>\n              <div class=\"swiper-dots\"><\/div>\n          <\/div>\n    [\/vc_column][\/vc_row]<\/p>\n<\/div>","protected":false},"excerpt":{"rendered":"<p>[vc_row full_width=&#8221;stretch_row_content_no_spaces&#8221; uniqid=&#8221;5ef58aafcddce&#8221;][vc_column][vc_btn title=&#8221;SEE AVAILABILITY AND BOOK APARTMENTS&#8221; color=&#8221;orange&#8221; align=&#8221;center&#8221; i_icon_fontawesome=&#8221;fas fa-plane-departure&#8221; css_animation=&#8221;bounceInRight&#8221; css=&#8221;.vc_custom_1734640098441{padding-top: 20px !important;}&#8221; add_icon=&#8221;true&#8221; link=&#8221;url:https%3A%2F%2Fbooking.avirato.com%2F%3Fcode%3D95118461%26spaceTypeId%3D1|&#8221;][\/vc_column][\/vc_row][vc_row css=&#8221;{&#8220;mobile_portrait&#8220;: {&#8220;margin-top&#8220;: &#8220;45&#8220;,&#8220;margin-bottom&#8220;: &#8220;24&#8220;,&#8220;undefined&#8220;: &#8220;Clear&#8220;},&#8220;mobile_landscape&#8220;: {&#8220;undefined&#8220;: &#8220;Clear&#8220;},&#8220;tablet_portrait&#8220;: {&#8220;undefined&#8220;: &#8220;Clear&#8220;},&#8220;tablet_landscape&#8220;: {&#8220;undefined&#8220;: &#8220;Clear&#8220;},&#8220;desktop&#8220;: {&#8220;undefined&#8220;: &#8220;Clear&#8220;}}&#8221; uniqid=&#8221;5ef3278d0c77a&#8221;][vc_column width=&#8221;1\/2&#8243;][vc_column_text uniqid=&#8221;5ef31f7435f12&#8243; css=&#8221;{&#8220;mobile_portrait&#8220;: {&#8220;margin-bottom&#8220;: &#8220;36&#8220;}}&#8221;]Enjoy the each day with us.[\/vc_column_text][\/vc_column][vc_column width=&#8221;1\/2&#8243;][\/vc_column][\/vc_row][vc_row full_width=&#8221;stretch_row&#8221; pattern_overlay=&#8221;type3&#8243; uniqid=&#8221;5eecbaf1ff388&#8243; pattern_overlay_color=&#8221;#363636&#8243; background_color=&#8221;#404040&#8243;][vc_column offset=&#8221;vc_col-lg-8 vc_col-md-9&#8243; uniqid=&#8221;5eecbcc6f3f2c&#8221;][\/vc_column][\/vc_row][vc_row equal_height=&#8221;yes&#8221; uniqid=&#8221;5ef07c0b7d8d2&#8243;][vc_column offset=&#8221;vc_col-md-9&#8243; uniqid=&#8221;5eecbe426121f&#8221;][\/vc_column][vc_column [&hellip;]<\/p>\n","protected":false},"author":1,"featured_media":0,"parent":0,"menu_order":0,"comment_status":"closed","ping_status":"closed","template":"template-landing.php","meta":{"_acf_changed":false,"footnotes":""},"class_list":["post-3392","page","type-page","status-publish","hentry"],"acf":[],"_links":{"self":[{"href":"https:\/\/pincheiro.es\/en\/wp-json\/wp\/v2\/pages\/3392","targetHints":{"allow":["GET"]}}],"collection":[{"href":"https:\/\/pincheiro.es\/en\/wp-json\/wp\/v2\/pages"}],"about":[{"href":"https:\/\/pincheiro.es\/en\/wp-json\/wp\/v2\/types\/page"}],"author":[{"embeddable":true,"href":"https:\/\/pincheiro.es\/en\/wp-json\/wp\/v2\/users\/1"}],"replies":[{"embeddable":true,"href":"https:\/\/pincheiro.es\/en\/wp-json\/wp\/v2\/comments?post=3392"}],"version-history":[{"count":31,"href":"https:\/\/pincheiro.es\/en\/wp-json\/wp\/v2\/pages\/3392\/revisions"}],"predecessor-version":[{"id":7612,"href":"https:\/\/pincheiro.es\/en\/wp-json\/wp\/v2\/pages\/3392\/revisions\/7612"}],"wp:attachment":[{"href":"https:\/\/pincheiro.es\/en\/wp-json\/wp\/v2\/media?parent=3392"}],"curies":[{"name":"wp","href":"https:\/\/api.w.org\/{rel}","templated":true}]}}