{"id":3524,"date":"2020-12-14T23:48:57","date_gmt":"2020-12-14T22:48:57","guid":{"rendered":"https:\/\/pincheiro.es\/about-us\/"},"modified":"2024-12-19T21:34:08","modified_gmt":"2024-12-19T20:34:08","slug":"about-us","status":"publish","type":"page","link":"https:\/\/pincheiro.es\/en\/about-us\/","title":{"rendered":"About Us"},"content":{"rendered":"<div class=\"wpb-content-wrapper\"><p>[vc_row full_width=&#8221;stretch_row_content_no_spaces&#8221; uniqid=&#8221;5eea14ea24b7c&#8221;][vc_column]\t\t<div class=\"image-slider-block image-slider-5ee9b5de712d5\">\n\t\t\t\t\t\t\t<div class=\"swiper-container\">\n\t\t\t\t\t\t\t\t\t\t\t<div class=\"prev base-icon-prev\"><\/div>\n\t\t\t\t\t\t<div class=\"next base-icon-next\"><\/div>\n\t\t\t\t\t\t\t\t\t\t\t<div class=\"swiper-dots\"><\/div>\n\t\t\t\t\t\t\t\t\t\t<div class=\"swiper-wrapper\">\n\t\t\t\t\t\t\t\t\t\t\t\t\t<div class=\"swiper-slide\" style=\"background-image: url(https:\/\/pincheiro.es\/wp-content\/uploads\/2021\/03\/Pobra2.jpg);\"><\/div>\n\t\t\t\t\t\t\t\t\t\t\t\t\t<div class=\"swiper-slide\" style=\"background-image: url(https:\/\/pincheiro.es\/wp-content\/uploads\/2021\/03\/Noche-terraza.jpg);\"><\/div>\n\t\t\t\t\t\t\t\t\t\t\t\t\t<div class=\"swiper-slide\" style=\"background-image: url(https:\/\/pincheiro.es\/wp-content\/uploads\/2021\/03\/A201.jpg);\"><\/div>\n\t\t\t\t\t\t\t\t\t\t\t<\/div>\n\t\t\t\t\t<div class=\"progress-line\"><div><\/div><\/div>\n\t\t\t\t<\/div>\n\t\t\t\t\t\t<div class=\"content-block\">\n\t\t\t\t<div class=\"container\">\n\t\t\t\t\t<div class=\"content\">\n\t\t\t\t\t\t\t\t\t\t\t\t\t<h2 class=\"heading\">Nosotros<\/h2>\n\t\t\t\t\t\t\t\t\t\t\t\t\t<div class=\"text\">Profundamente relajante. Turismo tranquilo,<br \/>\nde calidad y servicio.<br \/>\nEl cliente es el protagonista y gestor de su estancia.<br \/>\nInauguraci\u00f3n: \u00a1Cuando vuelva la normalidad!<\/div>\n\t\t\t\t\t\t\t\t\t\t\t<\/div>\n\t\t\t\t\t<div class=\"right\">\n\t\t\t\t\t\t\t\t\t\t\t\t<div class=\"bottom\">\n\t\t\t\t\t\t\t\t\t\t\t\t\t\t\t<div class=\"social-links\">\n\t\t\t\t\t\t\t\t\t<div class=\"label\">Follow us:<\/div>\n\t\t\t\t\t\t\t\t\t<a href=\"https:\/\/www.facebook.com\/PincheiroApartamentosTuristicos\" target=\"_self\"><i class=\"base-icon-facebook\"><\/i><\/a><a href=\"https:\/\/www.instagram.com\/pincheiroat\/\" target=\"_self\"><i class=\"base-icon-instagram\"><\/i><\/a><a href=\"https:\/\/www.youtube.com\/channel\/UCbi1gk_jfsJAha0HpqwY0AQ\/featured\" target=\"_self\"><i class=\"fab fa-youtube\"><\/i><\/a><a href=\"https:\/\/api.whatsapp.com\/send?phone=34698173888&#038;text=Hola.%20Querr\u00eda%20obtener%20m\u00e1s%20informaci\u00f3n%20de%20Pincheiro%20Apartamentos%20Tur\u00edsticos.%20\" target=\"_self\"><i class=\"fab fa-whatsapp\"><\/i><\/a>\t\t\t\t\t\t\t\t<\/div>\n\t\t\t\t\t\t\t\t\t\t\t\t<div class=\"contact-links-block\">\n\t\t\t\t\t\t\t\t\t\t\t\t\t<a href=\"mailto: reservas@pincheiro.es\">\n\t\t\t\t\t\t\t\t<i class=\"base-icon-mail\"><\/i>\n\t\t\t\t\t\t\t\t<span>mail us<\/span>\n\t\t\t\t\t\t\t<\/a>\n\t\t\t\t\t\t\t\t\t\t\t<\/div>\n\t\t\t\t\t\t\t\t\t\t<\/div>\n\t\t\t\t\t<\/div>\n\t\t\t\t<\/div>\n\t\t\t<\/div>\n\t\t<\/div>\n\t\t[vc_btn title=&#8221;SEE AVAILABILITY AND BOOK APARTMENTS&#8221; color=&#8221;orange&#8221; align=&#8221;center&#8221; i_icon_fontawesome=&#8221;fas fa-plane-departure&#8221; css_animation=&#8221;bounceInRight&#8221; css=&#8221;.vc_custom_1734640207269{padding-top: 20px !important;}&#8221; add_icon=&#8221;true&#8221; link=&#8221;url:https%3A%2F%2Fbooking.avirato.com%2F%3Fcode%3D95118461%26spaceTypeId%3D1|&#8221;][\/vc_column][\/vc_row][vc_row full_width=&#8221;stretch_row&#8221; pattern_overlay=&#8221;type3&#8243; uniqid=&#8221;5eecbaf1ff388&#8243; pattern_overlay_color=&#8221;#363636&#8243; background_color=&#8221;#404040&#8243;][vc_column offset=&#8221;vc_col-lg-8 vc_col-md-9&#8243; uniqid=&#8221;5eecbcc6f3f2c&#8221;]\t\t<div class=\"video-block video-block-5ef0484126916 white\" style=\"\">\n\t\t\t\t\t\n\t\t\t\t\t<div class=\"container\">\n\t\t\t\t<div class=\"content\">\n\t\t\t\t\t\t\t<div class=\"heading-block \">\n\t\t\t\t\t\t\t<div class=\"h h4\">El hogar de los Pincheiros Neira.<\/div>\n\t\t\t\t\t<\/div>\n\t\t\t\t\t\t\t\t\t<div class=\"text\">History of the ``Neira family``, their seafaring origins and their reality as Pincheiros sailors. Jos\u00e9 Neira, the life of a sailor from the age of nine until today (2022). **Push PLAY**<\/div>\n\t\t\t\t\t\t\t\t\t\t\t<\/div>\n\t\t\t\t<div class=\"video-button-block\">\n\t\t\t\t\t<div class=\"video-button single-popup-item\" data-type=\"video\" data-size=\"1920x1080\" data-video='<div class=\"wrapper\"><div class=\"video-wrapper\"><iframe loading=\"lazy\" class=\"pswp__video\" width=\"1920\" height=\"1080\" src=\"https:\/\/youtube.com\/embed\/MPK1wiULTyY\" frameborder=\"0\" allowfullscreen=\"\"><\/iframe><\/div><\/div>'>\n\t\t\t\t\t\t<span class=\"icon\">\n\t\t\t\t\t\t\t<i class=\"base-icon-play-button\"><\/i>\n\t\t\t\t\t\t<\/span>\n\t\t\t\t\t\t\t\t\t\t\t\t\t<span>Play Button<\/span>\n\t\t\t\t\t\t\t\t\t\t\t<\/div>\n\t\t\t\t<\/div>\n\t\t\t<\/div>\n\t\t<\/div>\n\t\t[\/vc_column][\/vc_row][vc_row equal_height=&#8221;yes&#8221; uniqid=&#8221;5ef07c0b7d8d2&#8243;][vc_column offset=&#8221;vc_col-md-9&#8243; uniqid=&#8221;5eecbe426121f&#8221;]      <div class=\"icon-box-block icon-box-block-5eecbef1fe64d\">\n                              <div class=\"nav-arrows\">\n              <div class=\"prev base-icon-prev-2\"><\/div>\n              <div class=\"next base-icon-next-2\"><\/div>\n            <\/div>\n                    <div class=\"swiper-container\">\n            <div class=\"swiper-wrapper\">\n                  <div class=\"swiper-slide\">\n      <div class=\"icon-box icon-box-style-5eecbf09137ec\">\n        <div class=\"icon hotel-icon-palm-tree\"><\/div>\n        <div class=\"wrap\">\n                      <h6 class=\"title\">Jard\u00edn<\/h6>\n                      <div class=\"desc\">Lugar para uso y disfrute de nuestros clientes. Una zona verde para relajarse.<\/div>\n                  <\/div>\n      <\/div>\n    <\/div>\n        <div class=\"swiper-slide\">\n      <div class=\"icon-box icon-box-style-5eecbf2734f13\">\n        <div class=\"icon hotel-icon-fridge\"><\/div>\n        <div class=\"wrap\">\n                      <h6 class=\"title\">Supermercado<\/h6>\n                      <div class=\"desc\">Dispones de varios supermercados para hacer tus compras. A tan solo 3 minutos a pie.<\/div>\n                  <\/div>\n      <\/div>\n    <\/div>\n        <div class=\"swiper-slide\">\n      <div class=\"icon-box icon-box-style-5eecbf5a8c15c\">\n        <div class=\"icon hotel-icon-sunset\"><\/div>\n        <div class=\"wrap\">\n                      <h6 class=\"title\">Playa<\/h6>\n                      <div class=\"desc\">\u00bfTe gusta la playa? Este es tu lugar. La m\u00e1s pr\u00f3xima tan solo 3 minutos a pie.<\/div>\n                  <\/div>\n      <\/div>\n    <\/div>\n        <div class=\"swiper-slide\">\n      <div class=\"icon-box icon-box-style-5eecbf7b759ba\">\n        <div class=\"icon hotel-icon-cocktail\"><\/div>\n        <div class=\"wrap\">\n                      <h6 class=\"title\">Zona de copas<\/h6>\n                      <div class=\"desc\">\u00bfY por qu\u00e9 no salir de copas una noche? A tan solo 3 minutos a pie los tendr\u00e1s.<\/div>\n                  <\/div>\n      <\/div>\n    <\/div>\n        <div class=\"swiper-slide\">\n      <div class=\"icon-box icon-box-style-5fcc19882a628\">\n        <div class=\"icon hotel-icon-like\"><\/div>\n        <div class=\"wrap\">\n                      <h6 class=\"title\">Centro de Salud<\/h6>\n                      <div class=\"desc\">No te preocupes si un d\u00eda te encuentras mal. El centro de salud est\u00e1 a 5 minutos a pie. Te acompa\u00f1amos.<\/div>\n                  <\/div>\n      <\/div>\n    <\/div>\n        <div class=\"swiper-slide\">\n      <div class=\"icon-box icon-box-style-5fcc1ab65b9e2\">\n        <div class=\"icon hotel-icon-location1\"><\/div>\n        <div class=\"wrap\">\n                      <h6 class=\"title\">C\u00e9ntricos<\/h6>\n                      <div class=\"desc\">Pincheiro Apartamentos Tur\u00edsticos est\u00e1 en el centro del pueblo.<\/div>\n                  <\/div>\n      <\/div>\n    <\/div>\n        <div class=\"swiper-slide\">\n      <div class=\"icon-box icon-box-style-5fcc1c15449b5\">\n        <div class=\"icon hotel-icon-plane\"><\/div>\n        <div class=\"wrap\">\n                      <h6 class=\"title\">Aeropuerto<\/h6>\n                      <div class=\"desc\">Si vienes en avi\u00f3n, estamos a 45 minutos del aeropuerto de Santiago de Compostela y del aeropuerto de Vigo.<\/div>\n                  <\/div>\n      <\/div>\n    <\/div>\n        <div class=\"swiper-slide\">\n      <div class=\"icon-box icon-box-style-5fcc1cb1b8d11\">\n        <div class=\"icon vc-material vc-material-tram\"><\/div>\n        <div class=\"wrap\">\n                      <h6 class=\"title\">Estaci\u00f3n Ferrocarril<\/h6>\n                      <div class=\"desc\">Si vienes en tren, estamos a 45 minutos de la Estaci\u00f3n de Santiago de Compostela y a 50 minutos de la Estaci\u00f3n de Vigo.<\/div>\n                  <\/div>\n      <\/div>\n    <\/div>\n        <div class=\"swiper-slide\">\n      <div class=\"icon-box icon-box-style-603bc406e8b12\">\n        <div class=\"icon vc-material vc-material-pool\"><\/div>\n        <div class=\"wrap\">\n                      <h6 class=\"title\">Complejos Deportivos<\/h6>\n                      <div class=\"desc\">-Piscina Municipal: 3 min. -Pistas Tenis: 2 min. -Pistas Baloncesto-Fubito: 1 min.<\/div>\n                  <\/div>\n      <\/div>\n    <\/div>\n        <div class=\"swiper-slide\">\n      <div class=\"icon-box icon-box-style-603bc5a6a5886\">\n        <div class=\"icon fas fa-fish\"><\/div>\n        <div class=\"wrap\">\n                      <h6 class=\"title\">Mercado Municipal<\/h6>\n                      <div class=\"desc\">Lugar donde encontrar pescados de la r\u00eda, mariscos, verdura.. y mucho m\u00e1s. A 2 min.<\/div>\n                  <\/div>\n      <\/div>\n    <\/div>\n        <div class=\"swiper-slide\">\n      <div class=\"icon-box icon-box-style-603bc63a233b4\">\n        <div class=\"icon fas fa-walking\"><\/div>\n        <div class=\"wrap\">\n                      <h6 class=\"title\">Paseo Natural<\/h6>\n                      <div class=\"desc\">Un paseo con fauna y flora aut\u00f3ctono. Te encantar\u00e1. A 2 min.<\/div>\n                  <\/div>\n      <\/div>\n    <\/div>\n                <\/div>\n          <\/div>\n              <\/div>\n    [\/vc_column][vc_column width=&#8221;1\/4&#8243; uniqid=&#8221;5ef03f432799d&#8221;]      <div class=\"side-img-block side-img-block-5ef03fa792fe2 to-right\">\n        <div style=\"background-image: url(https:\/\/pincheiro.es\/wp-content\/uploads\/2022\/12\/Pepe_Neira.jpg);\"><\/div>\n      <\/div>\n    [\/vc_column][\/vc_row][vc_row full_width=&#8221;stretch_row&#8221; uniqid=&#8221;5eeb60dd228e3&#8243; background_offset_bottom=&#8221;90px&#8221; css=&#8221;{&#8220;mobile_portrait&#8220;: {&#8220;padding-top&#8220;: &#8220;25&#8220;,&#8220;padding-bottom&#8220;: &#8220;45&#8220;}}&#8221;][vc_column width=&#8221;1\/2&#8243;]      <div class=\"heading-block heading-5eeb5ba1f2b84 tal h-h4\">\n                  <h4 class=\"h\">Turismo de Experiencia<\/h4>\n              <\/div>\n    \t\t<div class=\"qoute-block qoute-block-5ef98311bb2aa\">\n\t\t\t<div class=\"quote\">Nuestro complejo de apartamentos est\u00e1 orientado a un tipo de Turismo Consciente y de experiencias que transforman tu interior. El sistema de alojamiento es el propio de un Apartahotel en el sentido de que se presenta como un conjunto de Apartamentos Tur\u00edsticos, pero que funcionan como un hotel al uso, dado que ofrece servicios propios de un hotel, al que se le a\u00f1aden tambi\u00e9n otras propuestas y otros espacios singulares destinados a crear una experiencia aut\u00e9ntica de cultura de mar. Se ofrecen una serie de servicios orientados a que el cliente disfrute de experiencias aut\u00e9nticas e inolvidables, a trav\u00e9s de las prestaciones que ofrece Pincheiro.<\/div>\n\t\t\t\t\t\t\t<div class=\"bottom\">\n\t\t\t\t\t\t\t\t\t\t\t<div class=\"signature\"><img loading=\"lazy\" decoding=\"async\" width=\"32\" height=\"32\" src=\"https:\/\/pincheiro.es\/wp-content\/uploads\/2020\/12\/favicon.png\" class=\"attachment-full size-full\" alt=\"\" \/><\/div>\n\t\t\t\t\t\t\t\t\t<\/div>\n\t\t\t\t\t<\/div>\n\t\t[\/vc_column][vc_column width=&#8221;1\/2&#8243;]\t\t\t\t\t\t\t<div class=\"portfolio-block filter-block portfolio-5eeb62601fc14 popup-gallery gap-on portfolio-type-grid\">\n\t\t\t\t\t\n\t\t\t\t\t<div class=\"row\">\n\t\t\t\t\t\t<div class=\"grid-sizer col-1\"><\/div>\n\t\t\t\t\t\t\t\t<article class=\"portfolio-item popup-item  col-12 col-md-6 istp-item\">\n\t\t\t<div class=\"wrap\">\n\t\t\t\t\t\t\t\t<div class=\"icon base-icon-plus\"><\/div>\n\t\t\t\t\t\t\t\t\t<div class=\"img\" style=\"background-image: url(https:\/\/pincheiro.es\/wp-content\/uploads\/2021\/03\/Regato-1024x684.jpg)\"><\/div>\n\t\t\t\t\t\t\t\t<div class=\"content\">\n\t\t\t\t\t<h6 class=\"title\">Experiencias Inolvidables<\/h6>\n\t\t\t\t<\/div>\n\t\t\t\t<a href=\"https:\/\/pincheiro.es\/wp-content\/uploads\/2021\/03\/Regato.jpg\" class=\"link\" data-size=\"1200x801\" data-magic-cursor=\"link-w-text\" data-magic-cursor-text=\"View\" data-id=\"1\"><\/a>\t\t\t<\/div>\n\t\t<\/article>\n\t\t\t\t<article class=\"portfolio-item popup-item  col-12 col-md-6 istp-item\">\n\t\t\t<div class=\"wrap\">\n\t\t\t\t\t\t\t\t<div class=\"icon base-icon-plus\"><\/div>\n\t\t\t\t\t\t\t\t\t<div class=\"img\" style=\"background-image: url(https:\/\/pincheiro.es\/wp-content\/uploads\/2021\/03\/Baronha1-1-1024x684.jpg)\"><\/div>\n\t\t\t\t\t\t\t\t<div class=\"content\">\n\t\t\t\t\t<h6 class=\"title\">Castros Baro\u00f1a<\/h6>\n\t\t\t\t<\/div>\n\t\t\t\t<a href=\"https:\/\/pincheiro.es\/wp-content\/uploads\/2021\/03\/Baronha1-1.jpg\" class=\"link\" data-size=\"1200x801\" data-magic-cursor=\"link-w-text\" data-magic-cursor-text=\"View\" data-id=\"2\"><\/a>\t\t\t<\/div>\n\t\t<\/article>\n\t\t\t\t\t\t\t<\/div>\n\n\t\t\t\t\t\t\t\t\t<\/div>\n\t\t\t[\/vc_column][\/vc_row][vc_row full_width=&#8221;stretch_row&#8221; uniqid=&#8221;5efc80c03e1bf&#8221; background_color=&#8221;#f0ece7&#8243; background_offset_top=&#8221;373px&#8221; css=&#8221;{&#8220;mobile_portrait&#8220;: {&#8220;padding-bottom&#8220;: &#8220;30&#8220;}}&#8221;][vc_column]      <div class=\"heading-block heading-5efc816b68b44 tal h-h4\">\n                  <h4 class=\"h\">Entornos de la Zona<\/h4>\n              <\/div>\n    \t\t\t\t<div class=\"blog-carousel blog-5efc7fef6a0a0\">\n\t\t\t\t\t<div class=\"carousel-nav\">\n\t\t\t\t\t\t\t\t\t\t\t\t\t<div class=\"prev base-icon-prev-2\"><\/div>\n\t\t\t\t\t\t\t<div class=\"next base-icon-next-2\"><\/div>\n\t\t\t\t\t\t\t\t\t\t\t<\/div>\n\t\t\t\t\t<div class=\"swiper-container\">\n\t\t\t\t\t\t<div class=\"swiper-wrapper\">\n\t\t\t\t\t\t\t\t\t\t\t\t\t\t\t<div class=\"swiper-slide\">\t\t\t<article class=\"blog-item category-patrimonio-de-pobra category-pobra-heritage istp-item\">\n\t\t\t\t<div class=\"wrap\">\n\t\t\t\t\t\t\t\t\t\t\t<div class=\"img\">\n\t\t\t\t\t\t\t\t\t\t\t\t\t\t\t<div class=\"author-info-block\">\n\t\t\t\t\t\t\t\t\t<div class=\"avatar\" style=\"background-image: url(https:\/\/pincheiro.es\/wp-content\/uploads\/2020\/11\/logo_pequeno-100x100.png)\"><\/div>\n\t\t\t\t\t\t\t\t\t<div class=\"content\">\n\t\t\t\t\t\t\t\t\t\t<div class=\"name\">Pincheiro<\/div>\n\t\t\t\t\t\t\t\t\t\t\t\t\t\t\t\t\t\t\t\t\t<div class=\"date\">1 de May de 2021<\/div>\n\t\t\t\t\t\t\t\t\t\t\t\t\t\t\t\t\t\t\t<\/div>\n\t\t\t\t\t\t\t\t<\/div>\n\t\t\t\t\t\t\t\t\t\t\t\t\t\t\t<a href=\"https:\/\/pincheiro.es\/en\/chapels-in-pobra-do-caraminal\/\" style=\"background-image: url(https:\/\/pincheiro.es\/wp-content\/uploads\/2021\/03\/vixe-do-monte-1024x684.jpg)\"><\/a>\n\t\t\t\t\t\t\t\t\t\t\t\t\t<\/div>\n\t\t\t\t\t\t\t\t\t\t\t<div class=\"categories\">Patrimonio de Pobra, Pobra's Heritage<\/div>\n\t\t\t\t\t\t\t\t\t\t\t<a class=\"title\" href=\"https:\/\/pincheiro.es\/en\/chapels-in-pobra-do-caraminal\/\">CHAPELS IN POBRA DO CARAMI\u00d1AL<\/a>\n\t\t\t\t\t\t\t\t\t\t\t<div class=\"desc\">Chapel of the XVII ordered to build by Gregorio Perez de Ageitos, of square plant and granite walls and barrel vault. Inside th...<\/div>\n\t\t\t\t\t\t\t\t\t\t\t<div class=\"button\">\n\t\t\t\t\t\t\t<a href=\"https:\/\/pincheiro.es\/en\/chapels-in-pobra-do-caraminal\/\" class=\"readmore-link button-style2\">\n\t\t\t\t\t\t\t\t<span>Read more<\/span>\n\t\t\t\t\t\t\t\t<i class=\"base-icon-next-2\"><\/i>\n\t\t\t\t\t\t\t<\/a>\n\t\t\t\t\t\t<\/div>\n\t\t\t\t\t\t\t\t\t<\/div>\n\t\t\t<\/article>\n\t\t<\/div>\n\t\t\t\t\t\t\t\t\t\t\t\t\t\t\t<div class=\"swiper-slide\">\t\t\t<article class=\"blog-item category-pobra-heritage istp-item\">\n\t\t\t\t<div class=\"wrap\">\n\t\t\t\t\t\t\t\t\t\t\t<div class=\"img\">\n\t\t\t\t\t\t\t\t\t\t\t\t\t\t\t<div class=\"author-info-block\">\n\t\t\t\t\t\t\t\t\t<div class=\"avatar\" style=\"background-image: url(https:\/\/pincheiro.es\/wp-content\/uploads\/2020\/11\/logo_pequeno-100x100.png)\"><\/div>\n\t\t\t\t\t\t\t\t\t<div class=\"content\">\n\t\t\t\t\t\t\t\t\t\t<div class=\"name\">Pincheiro<\/div>\n\t\t\t\t\t\t\t\t\t\t\t\t\t\t\t\t\t\t\t\t\t<div class=\"date\">1 de May de 2021<\/div>\n\t\t\t\t\t\t\t\t\t\t\t\t\t\t\t\t\t\t\t<\/div>\n\t\t\t\t\t\t\t\t<\/div>\n\t\t\t\t\t\t\t\t\t\t\t\t\t\t\t<a href=\"https:\/\/pincheiro.es\/en\/monasteries-in-pobra-do-caraminal\/\" style=\"background-image: url(https:\/\/pincheiro.es\/wp-content\/uploads\/2019\/04\/encabezado-monasterios-1024x684.jpg)\"><\/a>\n\t\t\t\t\t\t\t\t\t\t\t\t\t<\/div>\n\t\t\t\t\t\t\t\t\t\t\t<div class=\"categories\">Pobra's Heritage<\/div>\n\t\t\t\t\t\t\t\t\t\t\t<a class=\"title\" href=\"https:\/\/pincheiro.es\/en\/monasteries-in-pobra-do-caraminal\/\">MONASTERIES IN POBRA DO CARAMI\u00d1AL<\/a>\n\t\t\t\t\t\t\t\t\t\t\t<div class=\"desc\">It is located right at the crossroads of the rivers Pedras and Barbanza, a few meters from the Roman bridge, in the natural poo...<\/div>\n\t\t\t\t\t\t\t\t\t\t\t<div class=\"button\">\n\t\t\t\t\t\t\t<a href=\"https:\/\/pincheiro.es\/en\/monasteries-in-pobra-do-caraminal\/\" class=\"readmore-link button-style2\">\n\t\t\t\t\t\t\t\t<span>Read more<\/span>\n\t\t\t\t\t\t\t\t<i class=\"base-icon-next-2\"><\/i>\n\t\t\t\t\t\t\t<\/a>\n\t\t\t\t\t\t<\/div>\n\t\t\t\t\t\t\t\t\t<\/div>\n\t\t\t<\/article>\n\t\t<\/div>\n\t\t\t\t\t\t\t\t\t\t\t\t\t\t\t<div class=\"swiper-slide\">\t\t\t<article class=\"blog-item category-pobra-heritage istp-item\">\n\t\t\t\t<div class=\"wrap\">\n\t\t\t\t\t\t\t\t\t\t\t<div class=\"img\">\n\t\t\t\t\t\t\t\t\t\t\t\t\t\t\t<div class=\"author-info-block\">\n\t\t\t\t\t\t\t\t\t<div class=\"avatar\" style=\"background-image: url(https:\/\/pincheiro.es\/wp-content\/uploads\/2020\/11\/logo_pequeno-100x100.png)\"><\/div>\n\t\t\t\t\t\t\t\t\t<div class=\"content\">\n\t\t\t\t\t\t\t\t\t\t<div class=\"name\">Pincheiro<\/div>\n\t\t\t\t\t\t\t\t\t\t\t\t\t\t\t\t\t\t\t\t\t<div class=\"date\">1 de May de 2021<\/div>\n\t\t\t\t\t\t\t\t\t\t\t\t\t\t\t\t\t\t\t<\/div>\n\t\t\t\t\t\t\t\t<\/div>\n\t\t\t\t\t\t\t\t\t\t\t\t\t\t\t<a href=\"https:\/\/pincheiro.es\/en\/crossroads-of-pobra-do-caraminal\/\" style=\"background-image: url(https:\/\/pincheiro.es\/wp-content\/uploads\/2019\/04\/encabezado-cruceiros-1024x684.jpg)\"><\/a>\n\t\t\t\t\t\t\t\t\t\t\t\t\t<\/div>\n\t\t\t\t\t\t\t\t\t\t\t<div class=\"categories\">Pobra's Heritage<\/div>\n\t\t\t\t\t\t\t\t\t\t\t<a class=\"title\" href=\"https:\/\/pincheiro.es\/en\/crossroads-of-pobra-do-caraminal\/\">CROSSROADS OF POBRA DO CARAMI\u00d1AL<\/a>\n\t\t\t\t\t\t\t\t\t\t\t<div class=\"desc\">A Pobra do Carami\u00f1al contains in its municipality more than 30 crossroads. Some of them have a very singular artistic and devot...<\/div>\n\t\t\t\t\t\t\t\t\t\t\t<div class=\"button\">\n\t\t\t\t\t\t\t<a href=\"https:\/\/pincheiro.es\/en\/crossroads-of-pobra-do-caraminal\/\" class=\"readmore-link button-style2\">\n\t\t\t\t\t\t\t\t<span>Read more<\/span>\n\t\t\t\t\t\t\t\t<i class=\"base-icon-next-2\"><\/i>\n\t\t\t\t\t\t\t<\/a>\n\t\t\t\t\t\t<\/div>\n\t\t\t\t\t\t\t\t\t<\/div>\n\t\t\t<\/article>\n\t\t<\/div>\n\t\t\t\t\t\t\t\t\t\t\t\t\t\t\t<div class=\"swiper-slide\">\t\t\t<article class=\"blog-item category-pobra-heritage istp-item\">\n\t\t\t\t<div class=\"wrap\">\n\t\t\t\t\t\t\t\t\t\t\t<div class=\"img\">\n\t\t\t\t\t\t\t\t\t\t\t\t\t\t\t<div class=\"author-info-block\">\n\t\t\t\t\t\t\t\t\t<div class=\"avatar\" style=\"background-image: url(https:\/\/pincheiro.es\/wp-content\/uploads\/2020\/11\/logo_pequeno-100x100.png)\"><\/div>\n\t\t\t\t\t\t\t\t\t<div class=\"content\">\n\t\t\t\t\t\t\t\t\t\t<div class=\"name\">Pincheiro<\/div>\n\t\t\t\t\t\t\t\t\t\t\t\t\t\t\t\t\t\t\t\t\t<div class=\"date\">1 de May de 2021<\/div>\n\t\t\t\t\t\t\t\t\t\t\t\t\t\t\t\t\t\t\t<\/div>\n\t\t\t\t\t\t\t\t<\/div>\n\t\t\t\t\t\t\t\t\t\t\t\t\t\t\t<a href=\"https:\/\/pincheiro.es\/en\/churches-of-pobra-do-caraminal\/\" style=\"background-image: url(https:\/\/pincheiro.es\/wp-content\/uploads\/2019\/04\/encabezado-iglesias-1024x684.jpg)\"><\/a>\n\t\t\t\t\t\t\t\t\t\t\t\t\t<\/div>\n\t\t\t\t\t\t\t\t\t\t\t<div class=\"categories\">Pobra's Heritage<\/div>\n\t\t\t\t\t\t\t\t\t\t\t<a class=\"title\" href=\"https:\/\/pincheiro.es\/en\/churches-of-pobra-do-caraminal\/\">CHURCHES OF POBRA DO CARAMI\u00d1AL<\/a>\n\t\t\t\t\t\t\t\t\t\t\t<div class=\"desc\">One of the great architectural jewels of Pobra. Its history and tradition place this temple with one foot in the Middle Ages an...<\/div>\n\t\t\t\t\t\t\t\t\t\t\t<div class=\"button\">\n\t\t\t\t\t\t\t<a href=\"https:\/\/pincheiro.es\/en\/churches-of-pobra-do-caraminal\/\" class=\"readmore-link button-style2\">\n\t\t\t\t\t\t\t\t<span>Read more<\/span>\n\t\t\t\t\t\t\t\t<i class=\"base-icon-next-2\"><\/i>\n\t\t\t\t\t\t\t<\/a>\n\t\t\t\t\t\t<\/div>\n\t\t\t\t\t\t\t\t\t<\/div>\n\t\t\t<\/article>\n\t\t<\/div>\n\t\t\t\t\t\t\t\t\t\t\t\t\t\t\t<div class=\"swiper-slide\">\t\t\t<article class=\"blog-item category-beaches istp-item\">\n\t\t\t\t<div class=\"wrap\">\n\t\t\t\t\t\t\t\t\t\t\t<div class=\"img\">\n\t\t\t\t\t\t\t\t\t\t\t\t\t\t\t<div class=\"author-info-block\">\n\t\t\t\t\t\t\t\t\t<div class=\"avatar\" style=\"background-image: url(https:\/\/pincheiro.es\/wp-content\/uploads\/2020\/11\/logo_pequeno-100x100.png)\"><\/div>\n\t\t\t\t\t\t\t\t\t<div class=\"content\">\n\t\t\t\t\t\t\t\t\t\t<div class=\"name\">Pincheiro<\/div>\n\t\t\t\t\t\t\t\t\t\t\t\t\t\t\t\t\t\t\t\t\t<div class=\"date\">1 de May de 2021<\/div>\n\t\t\t\t\t\t\t\t\t\t\t\t\t\t\t\t\t\t\t<\/div>\n\t\t\t\t\t\t\t\t<\/div>\n\t\t\t\t\t\t\t\t\t\t\t\t\t\t\t<a href=\"https:\/\/pincheiro.es\/en\/beaches-of-pobra-do-caraminal\/\" style=\"background-image: url(https:\/\/pincheiro.es\/wp-content\/uploads\/2019\/04\/playas-pobra-1024x684.jpg)\"><\/a>\n\t\t\t\t\t\t\t\t\t\t\t\t\t<\/div>\n\t\t\t\t\t\t\t\t\t\t\t<div class=\"categories\">Beaches<\/div>\n\t\t\t\t\t\t\t\t\t\t\t<a class=\"title\" href=\"https:\/\/pincheiro.es\/en\/beaches-of-pobra-do-caraminal\/\">BEACHES OF POBRA DO CARAMI\u00d1AL - 1<\/a>\n\t\t\t\t\t\t\t\t\t\t\t<div class=\"desc\">A Pobra do Carami\u00f1al has 7,130 metres of beaches. where you can find extraordinary sandy beaches, some of them virgin, others a...<\/div>\n\t\t\t\t\t\t\t\t\t\t\t<div class=\"button\">\n\t\t\t\t\t\t\t<a href=\"https:\/\/pincheiro.es\/en\/beaches-of-pobra-do-caraminal\/\" class=\"readmore-link button-style2\">\n\t\t\t\t\t\t\t\t<span>Read more<\/span>\n\t\t\t\t\t\t\t\t<i class=\"base-icon-next-2\"><\/i>\n\t\t\t\t\t\t\t<\/a>\n\t\t\t\t\t\t<\/div>\n\t\t\t\t\t\t\t\t\t<\/div>\n\t\t\t<\/article>\n\t\t<\/div>\n\t\t\t\t\t\t\t\t\t\t\t\t\t\t\t<div class=\"swiper-slide\">\t\t\t<article class=\"blog-item category-beaches istp-item\">\n\t\t\t\t<div class=\"wrap\">\n\t\t\t\t\t\t\t\t\t\t\t<div class=\"img\">\n\t\t\t\t\t\t\t\t\t\t\t\t\t\t\t<div class=\"author-info-block\">\n\t\t\t\t\t\t\t\t\t<div class=\"avatar\" style=\"background-image: url(https:\/\/pincheiro.es\/wp-content\/uploads\/2020\/11\/logo_pequeno-100x100.png)\"><\/div>\n\t\t\t\t\t\t\t\t\t<div class=\"content\">\n\t\t\t\t\t\t\t\t\t\t<div class=\"name\">Pincheiro<\/div>\n\t\t\t\t\t\t\t\t\t\t\t\t\t\t\t\t\t\t\t\t\t<div class=\"date\">3 de May de 2021<\/div>\n\t\t\t\t\t\t\t\t\t\t\t\t\t\t\t\t\t\t\t<\/div>\n\t\t\t\t\t\t\t\t<\/div>\n\t\t\t\t\t\t\t\t\t\t\t\t\t\t\t<a href=\"https:\/\/pincheiro.es\/en\/pobra-do-caraminal-beaches-2\/\" style=\"background-image: url(https:\/\/pincheiro.es\/wp-content\/uploads\/2019\/12\/Playa2-1024x684.jpg)\"><\/a>\n\t\t\t\t\t\t\t\t\t\t\t\t\t<\/div>\n\t\t\t\t\t\t\t\t\t\t\t<div class=\"categories\">Beaches<\/div>\n\t\t\t\t\t\t\t\t\t\t\t<a class=\"title\" href=\"https:\/\/pincheiro.es\/en\/pobra-do-caraminal-beaches-2\/\">BEACHES OF POBRA DO CARAMI\u00d1AL - 2<\/a>\n\t\t\t\t\t\t\t\t\t\t\t<div class=\"desc\">Once past the town center, heading northwest, a series of small beaches begin, which we list in the following 10 points. They a...<\/div>\n\t\t\t\t\t\t\t\t\t\t\t<div class=\"button\">\n\t\t\t\t\t\t\t<a href=\"https:\/\/pincheiro.es\/en\/pobra-do-caraminal-beaches-2\/\" class=\"readmore-link button-style2\">\n\t\t\t\t\t\t\t\t<span>Read more<\/span>\n\t\t\t\t\t\t\t\t<i class=\"base-icon-next-2\"><\/i>\n\t\t\t\t\t\t\t<\/a>\n\t\t\t\t\t\t<\/div>\n\t\t\t\t\t\t\t\t\t<\/div>\n\t\t\t<\/article>\n\t\t<\/div>\n\t\t\t\t\t\t\t\t\t\t\t\t\t\t\t<div class=\"swiper-slide\">\t\t\t<article class=\"blog-item category-pobra-heritage istp-item\">\n\t\t\t\t<div class=\"wrap\">\n\t\t\t\t\t\t\t\t\t\t\t<div class=\"img\">\n\t\t\t\t\t\t\t\t\t\t\t\t\t\t\t<div class=\"author-info-block\">\n\t\t\t\t\t\t\t\t\t<div class=\"avatar\" style=\"background-image: url(https:\/\/pincheiro.es\/wp-content\/uploads\/2020\/11\/logo_pequeno-100x100.png)\"><\/div>\n\t\t\t\t\t\t\t\t\t<div class=\"content\">\n\t\t\t\t\t\t\t\t\t\t<div class=\"name\">Pincheiro<\/div>\n\t\t\t\t\t\t\t\t\t\t\t\t\t\t\t\t\t\t\t\t\t<div class=\"date\">3 de May de 2021<\/div>\n\t\t\t\t\t\t\t\t\t\t\t\t\t\t\t\t\t\t\t<\/div>\n\t\t\t\t\t\t\t\t<\/div>\n\t\t\t\t\t\t\t\t\t\t\t\t\t\t\t<a href=\"https:\/\/pincheiro.es\/en\/pazos-civil-architecture\/\" style=\"background-image: url(https:\/\/pincheiro.es\/wp-content\/uploads\/2019\/04\/pazos-1024x684.jpg)\"><\/a>\n\t\t\t\t\t\t\t\t\t\t\t\t\t<\/div>\n\t\t\t\t\t\t\t\t\t\t\t<div class=\"categories\">Pobra's Heritage<\/div>\n\t\t\t\t\t\t\t\t\t\t\t<a class=\"title\" href=\"https:\/\/pincheiro.es\/en\/pazos-civil-architecture\/\">PAZOS &amp; CIVIL ARCHITECTURE<\/a>\n\t\t\t\t\t\t\t\t\t\t\t<div class=\"desc\">Xunqueiras is a medieval fortress with its keep that represents the stately power of the Marquisate of Xunqueiras. The Tower-Fo...<\/div>\n\t\t\t\t\t\t\t\t\t\t\t<div class=\"button\">\n\t\t\t\t\t\t\t<a href=\"https:\/\/pincheiro.es\/en\/pazos-civil-architecture\/\" class=\"readmore-link button-style2\">\n\t\t\t\t\t\t\t\t<span>Read more<\/span>\n\t\t\t\t\t\t\t\t<i class=\"base-icon-next-2\"><\/i>\n\t\t\t\t\t\t\t<\/a>\n\t\t\t\t\t\t<\/div>\n\t\t\t\t\t\t\t\t\t<\/div>\n\t\t\t<\/article>\n\t\t<\/div>\n\t\t\t\t\t\t\t\t\t\t\t\t\t\t\t<div class=\"swiper-slide\">\t\t\t<article class=\"blog-item category-pobra-popular-festivities istp-item\">\n\t\t\t\t<div class=\"wrap\">\n\t\t\t\t\t\t\t\t\t\t\t<div class=\"img\">\n\t\t\t\t\t\t\t\t\t\t\t\t\t\t\t<div class=\"author-info-block\">\n\t\t\t\t\t\t\t\t\t<div class=\"avatar\" style=\"background-image: url(https:\/\/pincheiro.es\/wp-content\/uploads\/2020\/11\/logo_pequeno-100x100.png)\"><\/div>\n\t\t\t\t\t\t\t\t\t<div class=\"content\">\n\t\t\t\t\t\t\t\t\t\t<div class=\"name\">Pincheiro<\/div>\n\t\t\t\t\t\t\t\t\t\t\t\t\t\t\t\t\t\t\t\t\t<div class=\"date\">3 de May de 2021<\/div>\n\t\t\t\t\t\t\t\t\t\t\t\t\t\t\t\t\t\t\t<\/div>\n\t\t\t\t\t\t\t\t<\/div>\n\t\t\t\t\t\t\t\t\t\t\t\t\t\t\t<a href=\"https:\/\/pincheiro.es\/en\/nazareno-and-the-shrouds\/\" style=\"background-image: url(https:\/\/pincheiro.es\/wp-content\/uploads\/2019\/04\/nazareno-1024x684.jpg)\"><\/a>\n\t\t\t\t\t\t\t\t\t\t\t\t\t<\/div>\n\t\t\t\t\t\t\t\t\t\t\t<div class=\"categories\">Pobra's Popular Festivities<\/div>\n\t\t\t\t\t\t\t\t\t\t\t<a class=\"title\" href=\"https:\/\/pincheiro.es\/en\/nazareno-and-the-shrouds\/\">NAZARENO AND THE SHROUDS<\/a>\n\t\t\t\t\t\t\t\t\t\t\t<div class=\"desc\">The Nazareno is the most important festival of all those celebrated in Pobra do Carami\u00f1al throughout the year. Declared a Festi...<\/div>\n\t\t\t\t\t\t\t\t\t\t\t<div class=\"button\">\n\t\t\t\t\t\t\t<a href=\"https:\/\/pincheiro.es\/en\/nazareno-and-the-shrouds\/\" class=\"readmore-link button-style2\">\n\t\t\t\t\t\t\t\t<span>Read more<\/span>\n\t\t\t\t\t\t\t\t<i class=\"base-icon-next-2\"><\/i>\n\t\t\t\t\t\t\t<\/a>\n\t\t\t\t\t\t<\/div>\n\t\t\t\t\t\t\t\t\t<\/div>\n\t\t\t<\/article>\n\t\t<\/div>\n\t\t\t\t\t\t\t\t\t\t\t\t\t\t\t<div class=\"swiper-slide\">\t\t\t<article class=\"blog-item category-patrimonio-de-pobra category-pobra-heritage istp-item\">\n\t\t\t\t<div class=\"wrap\">\n\t\t\t\t\t\t\t\t\t\t\t<div class=\"img\">\n\t\t\t\t\t\t\t\t\t\t\t\t\t\t\t<div class=\"author-info-block\">\n\t\t\t\t\t\t\t\t\t<div class=\"avatar\" style=\"background-image: url(https:\/\/pincheiro.es\/wp-content\/uploads\/2020\/11\/logo_pequeno-100x100.png)\"><\/div>\n\t\t\t\t\t\t\t\t\t<div class=\"content\">\n\t\t\t\t\t\t\t\t\t\t<div class=\"name\">Pincheiro<\/div>\n\t\t\t\t\t\t\t\t\t\t\t\t\t\t\t\t\t\t\t\t\t<div class=\"date\">3 de May de 2021<\/div>\n\t\t\t\t\t\t\t\t\t\t\t\t\t\t\t\t\t\t\t<\/div>\n\t\t\t\t\t\t\t\t<\/div>\n\t\t\t\t\t\t\t\t\t\t\t\t\t\t\t<a href=\"https:\/\/pincheiro.es\/en\/pedras-river-promenade-natural-pools\/\" style=\"background-image: url(https:\/\/pincheiro.es\/wp-content\/uploads\/2019\/04\/piscinas-1024x684.jpg)\"><\/a>\n\t\t\t\t\t\t\t\t\t\t\t\t\t<\/div>\n\t\t\t\t\t\t\t\t\t\t\t<div class=\"categories\">Patrimonio de Pobra, Pobra's Heritage<\/div>\n\t\t\t\t\t\t\t\t\t\t\t<a class=\"title\" href=\"https:\/\/pincheiro.es\/en\/pedras-river-promenade-natural-pools\/\">PEDRAS RIVER PROMENADE. NATURAL POOLS.<\/a>\n\t\t\t\t\t\t\t\t\t\t\t<div class=\"desc\">This place is perhaps one of the most impressive natural jewels of A Pobra. It is a whim and a gift from the action of nature t...<\/div>\n\t\t\t\t\t\t\t\t\t\t\t<div class=\"button\">\n\t\t\t\t\t\t\t<a href=\"https:\/\/pincheiro.es\/en\/pedras-river-promenade-natural-pools\/\" class=\"readmore-link button-style2\">\n\t\t\t\t\t\t\t\t<span>Read more<\/span>\n\t\t\t\t\t\t\t\t<i class=\"base-icon-next-2\"><\/i>\n\t\t\t\t\t\t\t<\/a>\n\t\t\t\t\t\t<\/div>\n\t\t\t\t\t\t\t\t\t<\/div>\n\t\t\t<\/article>\n\t\t<\/div>\n\t\t\t\t\t\t\t\t\t\t\t\t\t<\/div>\n\t\t\t\t\t<\/div>\n\t\t\t\t<\/div>\n\t\t\t[\/vc_column][\/vc_row][vc_row full_width=&#8221;stretch_row&#8221; css=&#8221;{}&#8221; uniqid=&#8221;5ef49d25d5dd6&#8243; background_color=&#8221;#f0ece7&#8243; background_offset_bottom=&#8221;215px&#8221;][vc_column]    <div class=\"side-image-with-content side-image-with-content-5ef0ae42f7cfa left style1\">\n              <div class=\"image\">\n          <div style=\"background-image: url(https:\/\/pincheiro.es\/wp-content\/uploads\/2021\/03\/Marisco1.jpg);\"><\/div>\n        <\/div>\n            <div class=\"content\">      <div class=\"heading-block heading-5ef0add6f3a48 tal h-h4\">\n                  <h4 class=\"h\">Productos de Mar<\/h4>\n              <\/div>\n    [vc_column_text el_class=&#8221;text-t1&#8243; uniqid=&#8221;5ef0adede408e&#8221; css=&#8221;{}&#8221;]The client can access the sea products that the area offers and can transform them himself in the Marinera Tavern where he has the assistance of everything necessary for this transformation. He is aware that the sea bears its fruits, but from a sustainable exploitation.[\/vc_column_text]<\/div>\n          <\/div>\n    [\/vc_column][\/vc_row]<\/p>\n<\/div>","protected":false},"excerpt":{"rendered":"<p>[vc_row full_width=&#8221;stretch_row_content_no_spaces&#8221; uniqid=&#8221;5eea14ea24b7c&#8221;][vc_column][vc_btn title=&#8221;SEE AVAILABILITY AND BOOK APARTMENTS&#8221; color=&#8221;orange&#8221; align=&#8221;center&#8221; i_icon_fontawesome=&#8221;fas fa-plane-departure&#8221; css_animation=&#8221;bounceInRight&#8221; css=&#8221;.vc_custom_1734640207269{padding-top: 20px !important;}&#8221; add_icon=&#8221;true&#8221; link=&#8221;url:https%3A%2F%2Fbooking.avirato.com%2F%3Fcode%3D95118461%26spaceTypeId%3D1|&#8221;][\/vc_column][\/vc_row][vc_row full_width=&#8221;stretch_row&#8221; pattern_overlay=&#8221;type3&#8243; uniqid=&#8221;5eecbaf1ff388&#8243; pattern_overlay_color=&#8221;#363636&#8243; background_color=&#8221;#404040&#8243;][vc_column offset=&#8221;vc_col-lg-8 vc_col-md-9&#8243; uniqid=&#8221;5eecbcc6f3f2c&#8221;][\/vc_column][\/vc_row][vc_row equal_height=&#8221;yes&#8221; uniqid=&#8221;5ef07c0b7d8d2&#8243;][vc_column offset=&#8221;vc_col-md-9&#8243; uniqid=&#8221;5eecbe426121f&#8221;][\/vc_column][vc_column width=&#8221;1\/4&#8243; uniqid=&#8221;5ef03f432799d&#8221;][\/vc_column][\/vc_row][vc_row full_width=&#8221;stretch_row&#8221; uniqid=&#8221;5eeb60dd228e3&#8243; background_offset_bottom=&#8221;90px&#8221; css=&#8221;{&#8220;mobile_portrait&#8220;: {&#8220;padding-top&#8220;: &#8220;25&#8220;,&#8220;padding-bottom&#8220;: &#8220;45&#8220;}}&#8221;][vc_column width=&#8221;1\/2&#8243;][\/vc_column][vc_column width=&#8221;1\/2&#8243;][\/vc_column][\/vc_row][vc_row full_width=&#8221;stretch_row&#8221; uniqid=&#8221;5efc80c03e1bf&#8221; background_color=&#8221;#f0ece7&#8243; background_offset_top=&#8221;373px&#8221; css=&#8221;{&#8220;mobile_portrait&#8220;: {&#8220;padding-bottom&#8220;: &#8220;30&#8220;}}&#8221;][vc_column][\/vc_column][\/vc_row][vc_row full_width=&#8221;stretch_row&#8221; css=&#8221;{}&#8221; uniqid=&#8221;5ef49d25d5dd6&#8243; background_color=&#8221;#f0ece7&#8243; background_offset_bottom=&#8221;215px&#8221;][vc_column][\/vc_column][\/vc_row]<\/p>\n","protected":false},"author":1,"featured_media":3525,"parent":0,"menu_order":0,"comment_status":"closed","ping_status":"closed","template":"template-landing.php","meta":{"_acf_changed":false,"footnotes":""},"class_list":["post-3524","page","type-page","status-publish","has-post-thumbnail","hentry"],"acf":[],"_links":{"self":[{"href":"https:\/\/pincheiro.es\/en\/wp-json\/wp\/v2\/pages\/3524","targetHints":{"allow":["GET"]}}],"collection":[{"href":"https:\/\/pincheiro.es\/en\/wp-json\/wp\/v2\/pages"}],"about":[{"href":"https:\/\/pincheiro.es\/en\/wp-json\/wp\/v2\/types\/page"}],"author":[{"embeddable":true,"href":"https:\/\/pincheiro.es\/en\/wp-json\/wp\/v2\/users\/1"}],"replies":[{"embeddable":true,"href":"https:\/\/pincheiro.es\/en\/wp-json\/wp\/v2\/comments?post=3524"}],"version-history":[{"count":18,"href":"https:\/\/pincheiro.es\/en\/wp-json\/wp\/v2\/pages\/3524\/revisions"}],"predecessor-version":[{"id":7566,"href":"https:\/\/pincheiro.es\/en\/wp-json\/wp\/v2\/pages\/3524\/revisions\/7566"}],"wp:featuredmedia":[{"embeddable":true,"href":"https:\/\/pincheiro.es\/en\/wp-json\/wp\/v2\/media\/3525"}],"wp:attachment":[{"href":"https:\/\/pincheiro.es\/en\/wp-json\/wp\/v2\/media?parent=3524"}],"curies":[{"name":"wp","href":"https:\/\/api.w.org\/{rel}","templated":true}]}}